{"id":4520,"date":"2019-05-20T12:48:42","date_gmt":"2019-05-20T10:48:42","guid":{"rendered":"https:\/\/www.scheible.de\/?page_id=4520"},"modified":"2023-12-04T11:51:01","modified_gmt":"2023-12-04T10:51:01","slug":"eventfotografie","status":"publish","type":"page","link":"https:\/\/www.scheible.de\/de\/portfolio\/eventfotografie\/","title":{"rendered":"Eventfotografie"},"content":{"rendered":"<p>Unter Fotografen wird die Dokumentation von Veranstaltungen aller Art h\u00e4ufig zu unrecht als nicht wirklich ernst zu nehmende Aufgabe bel\u00e4chelt. F\u00fcr mich ist sie aber dreierlei anspruchsvoller Ansporn: Erstens ein m\u00f6glichst immer zu gewinnender Kampf um die Momente: Alles ist in Bewegung und nichts soll fehlen. Zweitens ein schnelles Spiel um rasch vergehende Perspektiven: Fern und nah, \u00dcbersicht und Detail, jetzt oder eine zehntel Sekunde sp\u00e4ter. Drittens Entspannung und Anspannung zugleich: Da Du selten selbst jenseits des eigentlichen Fotografierens zu handeln brauchst, bist Du einfach f\u00fcr den Tag der Kumpel Deiner Kamera. Da aber meist fast zeitgleich auf die Bilder gewartet wird, retten Dich nur optimale Planung und Effizienz bei Fotografie und Ausarbeitung. Ich \u00fcbernehme solche Auftr\u00e4ge sehr gerne, denn sie schulen mich immer wieder neu.<\/p>\n\n\n<section class='layout-isotope orderby-menu_order ID'>\n<div class='thumb-grid layout-container has-3-columns' id='thumb-grid-1' data-instance='1' >\n<div class='grid-sizer'><\/div>\n<div id='thumb-1-1' class='thumb layout-item gallery-thumb' data-instance='1' data-hash='audi_dtm_reifenspuren' data-bg='#C2C1C7' data-brightness='dark'>\n<div class='thumb-inner'>\n<div class='thumb-bg' aria-hidden='true' style='background-color:#C2C1C7; padding-bottom: calc(3280 \/ 4928 * 100%)'><\/div><figure><img src='data:image\/gif;base64,R0lGODlhAQABAIAAAP\/\/\/\/\/\/\/yH5BAEKAAEALAAAAAABAAEAAAICTAEAOw==' class='lazy' data-src='https:\/\/www.scheible.de\/wp-content\/uploads\/2020\/05\/audi_dtm_reifenspuren-800x532.jpg' data-srcset='https:\/\/www.scheible.de\/wp-content\/uploads\/2020\/05\/audi_dtm_reifenspuren-300x200.jpg 320w, https:\/\/www.scheible.de\/wp-content\/uploads\/2020\/05\/audi_dtm_reifenspuren-800x532.jpg 750w, https:\/\/www.scheible.de\/wp-content\/uploads\/2020\/05\/audi_dtm_reifenspuren-1500x998.jpg' data-src-full='https:\/\/www.scheible.de\/wp-content\/uploads\/2020\/05\/audi_dtm_reifenspuren-300x200.jpg 320w, https:\/\/www.scheible.de\/wp-content\/uploads\/2020\/05\/audi_dtm_reifenspuren-800x532.jpg 750w, https:\/\/www.scheible.de\/wp-content\/uploads\/2020\/05\/audi_dtm_reifenspuren-1500x998.jpg 1500w, https:\/\/www.scheible.de\/wp-content\/uploads\/2020\/05\/audi_dtm_reifenspuren-3000x1997.jpg' alt='Reportagefotografie als Eventfotografie und Messefotografie: Eventfotografie: Die Spuren einer Vorf\u00fchrung des Audi DTM Teams.' width='4928' height='3280' \/><\/figure><noscript><figure style='background-color:#C2C1C7'><img src='https:\/\/www.scheible.de\/wp-content\/uploads\/2020\/05\/audi_dtm_reifenspuren-800x532.jpg' srcset='https:\/\/www.scheible.de\/wp-content\/uploads\/2020\/05\/audi_dtm_reifenspuren-300x200.jpg 320w, https:\/\/www.scheible.de\/wp-content\/uploads\/2020\/05\/audi_dtm_reifenspuren-800x532.jpg 750w, https:\/\/www.scheible.de\/wp-content\/uploads\/2020\/05\/audi_dtm_reifenspuren-1500x998.jpg 1500w, https:\/\/www.scheible.de\/wp-content\/uploads\/2020\/05\/audi_dtm_reifenspuren.jpg' alt='Reportagefotografie als Eventfotografie und Messefotografie: Eventfotografie: Die Spuren einer Vorf\u00fchrung des Audi DTM Teams.' width='4928' height='3280' \/><\/figure><\/noscript>\n<div class='full-size-caption element-invisible fs-hide'>Die Spuren einer Vorf\u00fchrung des Audi DTM Teams.<\/div><p class='thumb-caption element-invisible'>Nach einer Vorf\u00fchrung des Audi DTM Teams.<\/p>\n<\/div>\n<\/div>\n<div id='thumb-1-2' class='thumb layout-item gallery-thumb' data-instance='1' data-hash='tanz-mitarbeiterinnen' data-bg='#6F5C55' data-brightness='bright'>\n<div class='thumb-inner'>\n<div class='thumb-bg' aria-hidden='true' style='background-color:#6F5C55; padding-bottom: calc(4016 \/ 6016 * 100%)'><\/div><figure><img src='data:image\/gif;base64,R0lGODlhAQABAIAAAP\/\/\/\/\/\/\/yH5BAEKAAEALAAAAAABAAEAAAICTAEAOw==' class='lazy' data-src='https:\/\/www.scheible.de\/wp-content\/uploads\/2020\/05\/tanz-mitarbeiterinnen-800x534.jpg' data-srcset='https:\/\/www.scheible.de\/wp-content\/uploads\/2020\/05\/tanz-mitarbeiterinnen-300x200.jpg 320w, https:\/\/www.scheible.de\/wp-content\/uploads\/2020\/05\/tanz-mitarbeiterinnen-800x534.jpg 750w, https:\/\/www.scheible.de\/wp-content\/uploads\/2020\/05\/tanz-mitarbeiterinnen-1500x1001.jpg' data-src-full='https:\/\/www.scheible.de\/wp-content\/uploads\/2020\/05\/tanz-mitarbeiterinnen-300x200.jpg 320w, https:\/\/www.scheible.de\/wp-content\/uploads\/2020\/05\/tanz-mitarbeiterinnen-800x534.jpg 750w, https:\/\/www.scheible.de\/wp-content\/uploads\/2020\/05\/tanz-mitarbeiterinnen-1500x1001.jpg 1500w, https:\/\/www.scheible.de\/wp-content\/uploads\/2020\/05\/tanz-mitarbeiterinnen-3000x2003.jpg' alt='Reportagefotografie als Eventfotografie und Messefotografie: Bei einer Firmenveranstaltung tanzen Mitarbeiterinnen auf der B\u00fchne.' width='6016' height='4016' \/><\/figure><noscript><figure style='background-color:#6F5C55'><img src='https:\/\/www.scheible.de\/wp-content\/uploads\/2020\/05\/tanz-mitarbeiterinnen-800x534.jpg' srcset='https:\/\/www.scheible.de\/wp-content\/uploads\/2020\/05\/tanz-mitarbeiterinnen-300x200.jpg 320w, https:\/\/www.scheible.de\/wp-content\/uploads\/2020\/05\/tanz-mitarbeiterinnen-800x534.jpg 750w, https:\/\/www.scheible.de\/wp-content\/uploads\/2020\/05\/tanz-mitarbeiterinnen-1500x1001.jpg 1500w, https:\/\/www.scheible.de\/wp-content\/uploads\/2020\/05\/tanz-mitarbeiterinnen.jpg' alt='Reportagefotografie als Eventfotografie und Messefotografie: Bei einer Firmenveranstaltung tanzen Mitarbeiterinnen auf der B\u00fchne.' width='6016' height='4016' \/><\/figure><\/noscript>\n<div class='full-size-caption element-invisible fs-hide'>bei einer Firmenveranstaltung tanzen Mitarbeiterinnen auf der B\u00fchne.<\/div><p class='thumb-caption element-invisible'>Tanzende Mitarbeiterinnen bei einer Firmenveranstaltung.<\/p>\n<\/div>\n<\/div>\n<div id='thumb-1-3' class='thumb layout-item gallery-thumb' data-instance='1' data-hash='pressekonferenz-fc-bayern-muenchen' data-bg='#CBA6A5' data-brightness='dark'>\n<div class='thumb-inner'>\n<div class='thumb-bg' aria-hidden='true' style='background-color:#CBA6A5; padding-bottom: calc(4016 \/ 6016 * 100%)'><\/div><figure><img src='data:image\/gif;base64,R0lGODlhAQABAIAAAP\/\/\/\/\/\/\/yH5BAEKAAEALAAAAAABAAEAAAICTAEAOw==' class='lazy' data-src='https:\/\/www.scheible.de\/wp-content\/uploads\/2020\/05\/pressekonferenz-fc-bayern-muenchen-800x534.jpg' data-srcset='https:\/\/www.scheible.de\/wp-content\/uploads\/2020\/05\/pressekonferenz-fc-bayern-muenchen-300x200.jpg 320w, https:\/\/www.scheible.de\/wp-content\/uploads\/2020\/05\/pressekonferenz-fc-bayern-muenchen-800x534.jpg 750w, https:\/\/www.scheible.de\/wp-content\/uploads\/2020\/05\/pressekonferenz-fc-bayern-muenchen-1500x1001.jpg' data-src-full='https:\/\/www.scheible.de\/wp-content\/uploads\/2020\/05\/pressekonferenz-fc-bayern-muenchen-300x200.jpg 320w, https:\/\/www.scheible.de\/wp-content\/uploads\/2020\/05\/pressekonferenz-fc-bayern-muenchen-800x534.jpg 750w, https:\/\/www.scheible.de\/wp-content\/uploads\/2020\/05\/pressekonferenz-fc-bayern-muenchen-1500x1001.jpg 1500w, https:\/\/www.scheible.de\/wp-content\/uploads\/2020\/05\/pressekonferenz-fc-bayern-muenchen-3000x2003.jpg' alt='Reportagefotografie als Eventfotografie und Messefotografie: Pressekonferenz des FC Bayern M\u00fcnchen und der Deutschen Telekom AG im Jahr 2015, wo unter anderem auch Trikots mit der Aufschrift 2023 hochgehalten wurden.' width='6016' height='4016' \/><\/figure><noscript><figure style='background-color:#CBA6A5'><img src='https:\/\/www.scheible.de\/wp-content\/uploads\/2020\/05\/pressekonferenz-fc-bayern-muenchen-800x534.jpg' srcset='https:\/\/www.scheible.de\/wp-content\/uploads\/2020\/05\/pressekonferenz-fc-bayern-muenchen-300x200.jpg 320w, https:\/\/www.scheible.de\/wp-content\/uploads\/2020\/05\/pressekonferenz-fc-bayern-muenchen-800x534.jpg 750w, https:\/\/www.scheible.de\/wp-content\/uploads\/2020\/05\/pressekonferenz-fc-bayern-muenchen-1500x1001.jpg 1500w, https:\/\/www.scheible.de\/wp-content\/uploads\/2020\/05\/pressekonferenz-fc-bayern-muenchen.jpg' alt='Reportagefotografie als Eventfotografie und Messefotografie: Pressekonferenz des FC Bayern M\u00fcnchen und der Deutschen Telekom AG im Jahr 2015, wo unter anderem auch Trikots mit der Aufschrift 2023 hochgehalten wurden.' width='6016' height='4016' \/><\/figure><\/noscript>\n<div class='full-size-caption element-invisible fs-hide'>Pressekonferenz des FC Bayern M\u00fcnchen und der Deutschen Telekom AG im Jahr 2015.<\/div><p class='thumb-caption element-invisible'>Pressekonferenz des FC Bayern M\u00fcnchen und der Deutschen Telekom AG.<\/p>\n<\/div>\n<\/div>\n<div id='thumb-1-4' class='thumb layout-item gallery-thumb' data-instance='1' data-hash='vortrag-affenhaltung' data-bg='#5A625F' data-brightness='bright'>\n<div class='thumb-inner'>\n<div class='thumb-bg' aria-hidden='true' style='background-color:#5A625F; padding-bottom: calc(4016 \/ 6016 * 100%)'><\/div><figure><img src='data:image\/gif;base64,R0lGODlhAQABAIAAAP\/\/\/\/\/\/\/yH5BAEKAAEALAAAAAABAAEAAAICTAEAOw==' class='lazy' data-src='https:\/\/www.scheible.de\/wp-content\/uploads\/2020\/05\/vortrag-affenhaltung-800x534.jpg' data-srcset='https:\/\/www.scheible.de\/wp-content\/uploads\/2020\/05\/vortrag-affenhaltung-300x200.jpg 320w, https:\/\/www.scheible.de\/wp-content\/uploads\/2020\/05\/vortrag-affenhaltung-800x534.jpg 750w, https:\/\/www.scheible.de\/wp-content\/uploads\/2020\/05\/vortrag-affenhaltung-1500x1001.jpg' data-src-full='https:\/\/www.scheible.de\/wp-content\/uploads\/2020\/05\/vortrag-affenhaltung-300x200.jpg 320w, https:\/\/www.scheible.de\/wp-content\/uploads\/2020\/05\/vortrag-affenhaltung-800x534.jpg 750w, https:\/\/www.scheible.de\/wp-content\/uploads\/2020\/05\/vortrag-affenhaltung-1500x1001.jpg 1500w, https:\/\/www.scheible.de\/wp-content\/uploads\/2020\/05\/vortrag-affenhaltung-3000x2003.jpg' alt='Reportagefotografie als Eventfotografie und Messefotografie: Bei einem Vortrag vor IT-Wissenschaftlern ahmt der Redner einen Mensch am Computer nach. Auf dem Beamerbild sieht man eine Zeichnung die die Entwicklung des Menschen von den Affen zeigt und dessen R\u00fcckkehr in die geb\u00fcckte Affenhaltung vor dem Computer.' width='6016' height='4016' \/><\/figure><noscript><figure style='background-color:#5A625F'><img src='https:\/\/www.scheible.de\/wp-content\/uploads\/2020\/05\/vortrag-affenhaltung-800x534.jpg' srcset='https:\/\/www.scheible.de\/wp-content\/uploads\/2020\/05\/vortrag-affenhaltung-300x200.jpg 320w, https:\/\/www.scheible.de\/wp-content\/uploads\/2020\/05\/vortrag-affenhaltung-800x534.jpg 750w, https:\/\/www.scheible.de\/wp-content\/uploads\/2020\/05\/vortrag-affenhaltung-1500x1001.jpg 1500w, https:\/\/www.scheible.de\/wp-content\/uploads\/2020\/05\/vortrag-affenhaltung.jpg' alt='Reportagefotografie als Eventfotografie und Messefotografie: Bei einem Vortrag vor IT-Wissenschaftlern ahmt der Redner einen Mensch am Computer nach. Auf dem Beamerbild sieht man eine Zeichnung die die Entwicklung des Menschen von den Affen zeigt und dessen R\u00fcckkehr in die geb\u00fcckte Affenhaltung vor dem Computer.' width='6016' height='4016' \/><\/figure><\/noscript>\n<div class='full-size-caption element-invisible fs-hide'>Bei einem Vortrag ahmt der Redner einen Mensch am Computer nach. Auf dem Beamerbild sieht man eine Zeichnung die die Entwicklung des Menschen vom Affen und zur\u00fcck in die geb\u00fcckte Affenhaltung vor dem Computer.<\/div><p class='thumb-caption element-invisible'>Bei einem Vortrag ahmt der Redner einen Mensch am Computer nach. Auf dem Beamerbild sieht man eine Zeichnung die die Entwicklung des Menschen vom Affen und zur\u00fcck in die geb\u00fcckte Affenhaltung vor dem Computer.<\/p>\n<\/div>\n<\/div>\n<div id='thumb-1-5' class='thumb layout-item gallery-thumb' data-instance='1' data-hash='oswald-sap-se' data-bg='#594D48' data-brightness='bright'>\n<div class='thumb-inner'>\n<div class='thumb-bg' aria-hidden='true' style='background-color:#594D48; padding-bottom: calc(4016 \/ 6016 * 100%)'><\/div><figure><img src='data:image\/gif;base64,R0lGODlhAQABAIAAAP\/\/\/\/\/\/\/yH5BAEKAAEALAAAAAABAAEAAAICTAEAOw==' class='lazy' data-src='https:\/\/www.scheible.de\/wp-content\/uploads\/2020\/05\/oswald-sap-se-800x534.jpg' data-srcset='https:\/\/www.scheible.de\/wp-content\/uploads\/2020\/05\/oswald-sap-se-300x200.jpg 320w, https:\/\/www.scheible.de\/wp-content\/uploads\/2020\/05\/oswald-sap-se-800x534.jpg 750w, https:\/\/www.scheible.de\/wp-content\/uploads\/2020\/05\/oswald-sap-se-1500x1001.jpg' data-src-full='https:\/\/www.scheible.de\/wp-content\/uploads\/2020\/05\/oswald-sap-se-300x200.jpg 320w, https:\/\/www.scheible.de\/wp-content\/uploads\/2020\/05\/oswald-sap-se-800x534.jpg 750w, https:\/\/www.scheible.de\/wp-content\/uploads\/2020\/05\/oswald-sap-se-1500x1001.jpg 1500w, https:\/\/www.scheible.de\/wp-content\/uploads\/2020\/05\/oswald-sap-se-3000x2003.jpg' alt='Reportagefotografie als Eventfotografie und Messefotografie: Gerhard Oswald, langj\u00e4hriges Vorstandsmitglied von SAP SE, bekommt bei einer Firmenveranstaltung das erste St\u00fcck der Festtorte.' width='6016' height='4016' \/><\/figure><noscript><figure style='background-color:#594D48'><img src='https:\/\/www.scheible.de\/wp-content\/uploads\/2020\/05\/oswald-sap-se-800x534.jpg' srcset='https:\/\/www.scheible.de\/wp-content\/uploads\/2020\/05\/oswald-sap-se-300x200.jpg 320w, https:\/\/www.scheible.de\/wp-content\/uploads\/2020\/05\/oswald-sap-se-800x534.jpg 750w, https:\/\/www.scheible.de\/wp-content\/uploads\/2020\/05\/oswald-sap-se-1500x1001.jpg 1500w, https:\/\/www.scheible.de\/wp-content\/uploads\/2020\/05\/oswald-sap-se.jpg' alt='Reportagefotografie als Eventfotografie und Messefotografie: Gerhard Oswald, langj\u00e4hriges Vorstandsmitglied von SAP SE, bekommt bei einer Firmenveranstaltung das erste St\u00fcck der Festtorte.' width='6016' height='4016' \/><\/figure><\/noscript>\n<div class='full-size-caption element-invisible fs-hide'>Gerhard Oswald, langj\u00e4hriges Vorstandsmitglied von SAP SE, bekommt bei einer Veranstaltung das erste St\u00fcck der Festtorte.<\/div><p class='thumb-caption element-invisible'>Gerhard Oswald, langj\u00e4hriges Vorstandsmitglied von SAP SE.<\/p>\n<\/div>\n<\/div>\n<div id='thumb-1-6' class='thumb layout-item gallery-thumb' data-instance='1' data-hash='firmenevent-goetzenburg-jagsthausen' data-bg='#656F79' data-brightness='bright'>\n<div class='thumb-inner'>\n<div class='thumb-bg' aria-hidden='true' style='background-color:#656F79; padding-bottom: calc(5304 \/ 7952 * 100%)'><\/div><figure><img src='data:image\/gif;base64,R0lGODlhAQABAIAAAP\/\/\/\/\/\/\/yH5BAEKAAEALAAAAAABAAEAAAICTAEAOw==' class='lazy' data-src='https:\/\/www.scheible.de\/wp-content\/uploads\/2020\/05\/firmenevent-goetzenburg-jagsthausen-800x534.jpg' data-srcset='https:\/\/www.scheible.de\/wp-content\/uploads\/2020\/05\/firmenevent-goetzenburg-jagsthausen-300x200.jpg 320w, https:\/\/www.scheible.de\/wp-content\/uploads\/2020\/05\/firmenevent-goetzenburg-jagsthausen-800x534.jpg 750w, https:\/\/www.scheible.de\/wp-content\/uploads\/2020\/05\/firmenevent-goetzenburg-jagsthausen-1500x1001.jpg' data-src-full='https:\/\/www.scheible.de\/wp-content\/uploads\/2020\/05\/firmenevent-goetzenburg-jagsthausen-300x200.jpg 320w, https:\/\/www.scheible.de\/wp-content\/uploads\/2020\/05\/firmenevent-goetzenburg-jagsthausen-800x534.jpg 750w, https:\/\/www.scheible.de\/wp-content\/uploads\/2020\/05\/firmenevent-goetzenburg-jagsthausen-1500x1001.jpg 1500w, https:\/\/www.scheible.de\/wp-content\/uploads\/2020\/05\/firmenevent-goetzenburg-jagsthausen-3000x2001.jpg' alt='Reportagefotografie als Eventfotografie und Messefotografie: Firmenveranstaltung auf der G\u00f6tzenburg Jagsthausen. Blick in den Burghof, in dem die Mitarbeiter in Gr\u00fcppchen stehen und bei einem Getr\u00e4nk miteinander reden.' width='7952' height='5304' \/><\/figure><noscript><figure style='background-color:#656F79'><img src='https:\/\/www.scheible.de\/wp-content\/uploads\/2020\/05\/firmenevent-goetzenburg-jagsthausen-800x534.jpg' srcset='https:\/\/www.scheible.de\/wp-content\/uploads\/2020\/05\/firmenevent-goetzenburg-jagsthausen-300x200.jpg 320w, https:\/\/www.scheible.de\/wp-content\/uploads\/2020\/05\/firmenevent-goetzenburg-jagsthausen-800x534.jpg 750w, https:\/\/www.scheible.de\/wp-content\/uploads\/2020\/05\/firmenevent-goetzenburg-jagsthausen-1500x1001.jpg 1500w, https:\/\/www.scheible.de\/wp-content\/uploads\/2020\/05\/firmenevent-goetzenburg-jagsthausen.jpg' alt='Reportagefotografie als Eventfotografie und Messefotografie: Firmenveranstaltung auf der G\u00f6tzenburg Jagsthausen. Blick in den Burghof, in dem die Mitarbeiter in Gr\u00fcppchen stehen und bei einem Getr\u00e4nk miteinander reden.' width='7952' height='5304' \/><\/figure><\/noscript>\n<div class='full-size-caption element-invisible fs-hide'>Firmenveranstaltung auf der G\u00f6tzenburg Jagsthausen. Blick in den Burghof, in dem die Mitarbeiter in Gr\u00fcppchen stehen und bei einem Getr\u00e4nk miteinander reden.<\/div><p class='thumb-caption element-invisible'>Firmenveranstaltung auf der G\u00f6tzenburg Jagsthausen.<\/p>\n<\/div>\n<\/div>\n<div id='thumb-1-7' class='thumb layout-item gallery-thumb' data-instance='1' data-hash='forschungscampus-renningen-merkel' data-bg='#777E87' data-brightness='bright'>\n<div class='thumb-inner'>\n<div class='thumb-bg' aria-hidden='true' style='background-color:#777E87; padding-bottom: calc(3241 \/ 4862 * 100%)'><\/div><figure><img src='data:image\/gif;base64,R0lGODlhAQABAIAAAP\/\/\/\/\/\/\/yH5BAEKAAEALAAAAAABAAEAAAICTAEAOw==' class='lazy' data-src='https:\/\/www.scheible.de\/wp-content\/uploads\/2020\/05\/forschungscampus-renningen-merkel-800x533.jpg' data-srcset='https:\/\/www.scheible.de\/wp-content\/uploads\/2020\/05\/forschungscampus-renningen-merkel-300x200.jpg 320w, https:\/\/www.scheible.de\/wp-content\/uploads\/2020\/05\/forschungscampus-renningen-merkel-800x533.jpg 750w, https:\/\/www.scheible.de\/wp-content\/uploads\/2020\/05\/forschungscampus-renningen-merkel-1500x1000.jpg' data-src-full='https:\/\/www.scheible.de\/wp-content\/uploads\/2020\/05\/forschungscampus-renningen-merkel-300x200.jpg 320w, https:\/\/www.scheible.de\/wp-content\/uploads\/2020\/05\/forschungscampus-renningen-merkel-800x533.jpg 750w, https:\/\/www.scheible.de\/wp-content\/uploads\/2020\/05\/forschungscampus-renningen-merkel-1500x1000.jpg 1500w, https:\/\/www.scheible.de\/wp-content\/uploads\/2020\/05\/forschungscampus-renningen-merkel-3000x2000.jpg' alt='Reportagefotografie als Eventfotografie und Messefotografie: Einweihung des Forschungscampus der Robert Bosch GmbH  in Renningen mit Bundeskanzlerin Angela Merkel, Bosch Chef Volkmar Denner und Ministerpr\u00e4sident Winfried Kretschmann beim Dr\u00fccken des symbolischen Startknopfes.' width='4862' height='3241' \/><\/figure><noscript><figure style='background-color:#777E87'><img src='https:\/\/www.scheible.de\/wp-content\/uploads\/2020\/05\/forschungscampus-renningen-merkel-800x533.jpg' srcset='https:\/\/www.scheible.de\/wp-content\/uploads\/2020\/05\/forschungscampus-renningen-merkel-300x200.jpg 320w, https:\/\/www.scheible.de\/wp-content\/uploads\/2020\/05\/forschungscampus-renningen-merkel-800x533.jpg 750w, https:\/\/www.scheible.de\/wp-content\/uploads\/2020\/05\/forschungscampus-renningen-merkel-1500x1000.jpg 1500w, https:\/\/www.scheible.de\/wp-content\/uploads\/2020\/05\/forschungscampus-renningen-merkel.jpg' alt='Reportagefotografie als Eventfotografie und Messefotografie: Einweihung des Forschungscampus der Robert Bosch GmbH  in Renningen mit Bundeskanzlerin Angela Merkel, Bosch Chef Volkmar Denner und Ministerpr\u00e4sident Winfried Kretschmann beim Dr\u00fccken des symbolischen Startknopfes.' width='4862' height='3241' \/><\/figure><\/noscript>\n<div class='full-size-caption element-invisible fs-hide'>Einweihung des Forschungscampus der Robert Bosch GmbH  in Renningen mit Bundeskanzlerin Angela Merkel, Bosch Chef Volkmar Denner und Ministerpr\u00e4sident Winfried Kretschmann.<\/div><p class='thumb-caption element-invisible'>Einweihung des Forschungscampus der Robert Bosch GmbH  in Renningen mit Bundeskanzlerin Angela Merkel.<\/p>\n<\/div>\n<\/div>\n<div id='thumb-1-8' class='thumb layout-item gallery-thumb' data-instance='1' data-hash='horst-koehler-luther' data-bg='#53494F' data-brightness='bright'>\n<div class='thumb-inner'>\n<div class='thumb-bg' aria-hidden='true' style='background-color:#53494F; padding-bottom: calc(4016 \/ 6016 * 100%)'><\/div><figure><img src='data:image\/gif;base64,R0lGODlhAQABAIAAAP\/\/\/\/\/\/\/yH5BAEKAAEALAAAAAABAAEAAAICTAEAOw==' class='lazy' data-src='https:\/\/www.scheible.de\/wp-content\/uploads\/2020\/05\/horst-koehler-luther-800x534.jpg' data-srcset='https:\/\/www.scheible.de\/wp-content\/uploads\/2020\/05\/horst-koehler-luther-300x200.jpg 320w, https:\/\/www.scheible.de\/wp-content\/uploads\/2020\/05\/horst-koehler-luther-800x534.jpg 750w, https:\/\/www.scheible.de\/wp-content\/uploads\/2020\/05\/horst-koehler-luther-1500x1001.jpg' data-src-full='https:\/\/www.scheible.de\/wp-content\/uploads\/2020\/05\/horst-koehler-luther-300x200.jpg 320w, https:\/\/www.scheible.de\/wp-content\/uploads\/2020\/05\/horst-koehler-luther-800x534.jpg 750w, https:\/\/www.scheible.de\/wp-content\/uploads\/2020\/05\/horst-koehler-luther-1500x1001.jpg 1500w, https:\/\/www.scheible.de\/wp-content\/uploads\/2020\/05\/horst-koehler-luther-3000x2003.jpg' alt='Reportagefotografie als Eventfotografie und Messefotografie: Der ehemalige Bundespr\u00e4sident Horst K\u00f6hler begr\u00fc\u00dft w\u00e4hrend einer Veranstaltung zum Luther-Jahr im Europaratssaal in Strasburg junge T\u00e4nzer nach einer Vorf\u00fchrung.' width='6016' height='4016' \/><\/figure><noscript><figure style='background-color:#53494F'><img src='https:\/\/www.scheible.de\/wp-content\/uploads\/2020\/05\/horst-koehler-luther-800x534.jpg' srcset='https:\/\/www.scheible.de\/wp-content\/uploads\/2020\/05\/horst-koehler-luther-300x200.jpg 320w, https:\/\/www.scheible.de\/wp-content\/uploads\/2020\/05\/horst-koehler-luther-800x534.jpg 750w, https:\/\/www.scheible.de\/wp-content\/uploads\/2020\/05\/horst-koehler-luther-1500x1001.jpg 1500w, https:\/\/www.scheible.de\/wp-content\/uploads\/2020\/05\/horst-koehler-luther.jpg' alt='Reportagefotografie als Eventfotografie und Messefotografie: Der ehemalige Bundespr\u00e4sident Horst K\u00f6hler begr\u00fc\u00dft w\u00e4hrend einer Veranstaltung zum Luther-Jahr im Europaratssaal in Strasburg junge T\u00e4nzer nach einer Vorf\u00fchrung.' width='6016' height='4016' \/><\/figure><\/noscript>\n<div class='full-size-caption element-invisible fs-hide'>Der ehemalige Bundespr\u00e4sident Horst K\u00f6hler begr\u00fc\u00dft w\u00e4hrend einer Veranstaltung zum Luther-Jahr im Europaratssaal in Strasburg junge T\u00e4nzer.<\/div><p class='thumb-caption element-invisible'>Der ehemalige Bundespr\u00e4sident Horst K\u00f6hler w\u00e4hrend einer Veranstaltung im Luther-Jahr.<\/p>\n<\/div>\n<\/div>\n<div id='thumb-1-9' class='thumb layout-item gallery-thumb' data-instance='1' data-hash='start-up-forum' data-bg='#A5A0A3' data-brightness='dark'>\n<div class='thumb-inner'>\n<div class='thumb-bg' aria-hidden='true' style='background-color:#A5A0A3; padding-bottom: calc(3927 \/ 5882 * 100%)'><\/div><figure><img src='data:image\/gif;base64,R0lGODlhAQABAIAAAP\/\/\/\/\/\/\/yH5BAEKAAEALAAAAAABAAEAAAICTAEAOw==' class='lazy' data-src='https:\/\/www.scheible.de\/wp-content\/uploads\/2020\/05\/start-up-forum-800x534.jpg' data-srcset='https:\/\/www.scheible.de\/wp-content\/uploads\/2020\/05\/start-up-forum-300x200.jpg 320w, https:\/\/www.scheible.de\/wp-content\/uploads\/2020\/05\/start-up-forum-800x534.jpg 750w, https:\/\/www.scheible.de\/wp-content\/uploads\/2020\/05\/start-up-forum-1500x1001.jpg' data-src-full='https:\/\/www.scheible.de\/wp-content\/uploads\/2020\/05\/start-up-forum-300x200.jpg 320w, https:\/\/www.scheible.de\/wp-content\/uploads\/2020\/05\/start-up-forum-800x534.jpg 750w, https:\/\/www.scheible.de\/wp-content\/uploads\/2020\/05\/start-up-forum-1500x1001.jpg 1500w, https:\/\/www.scheible.de\/wp-content\/uploads\/2020\/05\/start-up-forum-3000x2003.jpg' alt='Reportagefotografie als Eventfotografie und Messefotografie: Zuschauende Teilnehmer eines Start-Up Forums beim Vortrag eines Firmengr\u00fcnders.' width='5882' height='3927' \/><\/figure><noscript><figure style='background-color:#A5A0A3'><img src='https:\/\/www.scheible.de\/wp-content\/uploads\/2020\/05\/start-up-forum-800x534.jpg' srcset='https:\/\/www.scheible.de\/wp-content\/uploads\/2020\/05\/start-up-forum-300x200.jpg 320w, https:\/\/www.scheible.de\/wp-content\/uploads\/2020\/05\/start-up-forum-800x534.jpg 750w, https:\/\/www.scheible.de\/wp-content\/uploads\/2020\/05\/start-up-forum-1500x1001.jpg 1500w, https:\/\/www.scheible.de\/wp-content\/uploads\/2020\/05\/start-up-forum.jpg' alt='Reportagefotografie als Eventfotografie und Messefotografie: Zuschauende Teilnehmer eines Start-Up Forums beim Vortrag eines Firmengr\u00fcnders.' width='5882' height='3927' \/><\/figure><\/noscript>\n<div class='full-size-caption element-invisible fs-hide'>Teilnehmer eines Start-Up Forums beim Vortrag eines Firmengr\u00fcnders.<\/div><p class='thumb-caption element-invisible'>Teilnehmer eines Start-Up Forums beim Vortrag.<\/p>\n<\/div>\n<\/div>\n<div id='thumb-1-10' class='thumb layout-item gallery-thumb' data-instance='1' data-hash='land-der-ideen-puppentheater' data-bg='#2E4783' data-brightness='bright'>\n<div class='thumb-inner'>\n<div class='thumb-bg' aria-hidden='true' style='background-color:#2E4783; padding-bottom: calc(6016 \/ 4016 * 100%)'><\/div><figure><img src='data:image\/gif;base64,R0lGODlhAQABAIAAAP\/\/\/\/\/\/\/yH5BAEKAAEALAAAAAABAAEAAAICTAEAOw==' class='lazy' data-src='https:\/\/www.scheible.de\/wp-content\/uploads\/2020\/05\/land-der-ideen-puppentheater-534x800.jpg' data-srcset='https:\/\/www.scheible.de\/wp-content\/uploads\/2020\/05\/land-der-ideen-puppentheater-200x300.jpg 320w, https:\/\/www.scheible.de\/wp-content\/uploads\/2020\/05\/land-der-ideen-puppentheater-534x800.jpg 750w, https:\/\/www.scheible.de\/wp-content\/uploads\/2020\/05\/land-der-ideen-puppentheater-1001x1500.jpg' data-src-full='https:\/\/www.scheible.de\/wp-content\/uploads\/2020\/05\/land-der-ideen-puppentheater-200x300.jpg 320w, https:\/\/www.scheible.de\/wp-content\/uploads\/2020\/05\/land-der-ideen-puppentheater-534x800.jpg 750w, https:\/\/www.scheible.de\/wp-content\/uploads\/2020\/05\/land-der-ideen-puppentheater-1001x1500.jpg 1500w, https:\/\/www.scheible.de\/wp-content\/uploads\/2020\/05\/land-der-ideen-puppentheater-2003x3000.jpg' alt='Reportagefotografie als Eventfotografie und Messefotografie: Bei der Party nach einer Preisverleihung als Ausgezeichneter Ort im Land der Ideen l\u00e4sst eine Figurentheatergruppe eine beleuchtete Puppe tanzen.' width='4016' height='6016' \/><\/figure><noscript><figure style='background-color:#2E4783'><img src='https:\/\/www.scheible.de\/wp-content\/uploads\/2020\/05\/land-der-ideen-puppentheater-534x800.jpg' srcset='https:\/\/www.scheible.de\/wp-content\/uploads\/2020\/05\/land-der-ideen-puppentheater-200x300.jpg 320w, https:\/\/www.scheible.de\/wp-content\/uploads\/2020\/05\/land-der-ideen-puppentheater-534x800.jpg 750w, https:\/\/www.scheible.de\/wp-content\/uploads\/2020\/05\/land-der-ideen-puppentheater-1001x1500.jpg 1500w, https:\/\/www.scheible.de\/wp-content\/uploads\/2020\/05\/land-der-ideen-puppentheater.jpg' alt='Reportagefotografie als Eventfotografie und Messefotografie: Bei der Party nach einer Preisverleihung als Ausgezeichneter Ort im Land der Ideen l\u00e4sst eine Figurentheatergruppe eine beleuchtete Puppe tanzen.' width='4016' height='6016' \/><\/figure><\/noscript>\n<div class='full-size-caption element-invisible fs-hide'>Bei der Party nach einer Preisverleihung als Ausgezeichneter Ort im Land der Ideen l\u00e4sst eine Figurentheatergruppe eine beleuchtete Puppe tanzen.<\/div><p class='thumb-caption element-invisible'>Puppentheater nach einer Preisverleihung als Ausgezeichneter Ort im Land der Ideen.<\/p>\n<\/div>\n<\/div>\n<div id='thumb-1-11' class='thumb layout-item gallery-thumb' data-instance='1' data-hash='firmenveranstatung_porsche-museum' data-bg='#4D5D79' data-brightness='bright'>\n<div class='thumb-inner'>\n<div class='thumb-bg' aria-hidden='true' style='background-color:#4D5D79; padding-bottom: calc(6016 \/ 4016 * 100%)'><\/div><figure><img src='data:image\/gif;base64,R0lGODlhAQABAIAAAP\/\/\/\/\/\/\/yH5BAEKAAEALAAAAAABAAEAAAICTAEAOw==' class='lazy' data-src='https:\/\/www.scheible.de\/wp-content\/uploads\/2020\/05\/firmenveranstatung_porsche-museum-534x800.jpg' data-srcset='https:\/\/www.scheible.de\/wp-content\/uploads\/2020\/05\/firmenveranstatung_porsche-museum-200x300.jpg 320w, https:\/\/www.scheible.de\/wp-content\/uploads\/2020\/05\/firmenveranstatung_porsche-museum-534x800.jpg 750w, https:\/\/www.scheible.de\/wp-content\/uploads\/2020\/05\/firmenveranstatung_porsche-museum-1001x1500.jpg' data-src-full='https:\/\/www.scheible.de\/wp-content\/uploads\/2020\/05\/firmenveranstatung_porsche-museum-200x300.jpg 320w, https:\/\/www.scheible.de\/wp-content\/uploads\/2020\/05\/firmenveranstatung_porsche-museum-534x800.jpg 750w, https:\/\/www.scheible.de\/wp-content\/uploads\/2020\/05\/firmenveranstatung_porsche-museum-1001x1500.jpg 1500w, https:\/\/www.scheible.de\/wp-content\/uploads\/2020\/05\/firmenveranstatung_porsche-museum-2003x3000.jpg' alt='Reportagefotografie als Eventfotografie und Messefotografie: Bei einer Firmenveranstatung im Porschemuseum in Stuttgart spiegeln sich Teilnehmer in den gro\u00dfen Scheiben, w\u00e4hrend man drau\u00dfen das n\u00e4chtlich beleuchtete Kunstwerk auf der Kreisverkehr vor dem Museum sieht, auf dem Porsche Autos symbolisch in den Himmel fahren.' width='4016' height='6016' \/><\/figure><noscript><figure style='background-color:#4D5D79'><img src='https:\/\/www.scheible.de\/wp-content\/uploads\/2020\/05\/firmenveranstatung_porsche-museum-534x800.jpg' srcset='https:\/\/www.scheible.de\/wp-content\/uploads\/2020\/05\/firmenveranstatung_porsche-museum-200x300.jpg 320w, https:\/\/www.scheible.de\/wp-content\/uploads\/2020\/05\/firmenveranstatung_porsche-museum-534x800.jpg 750w, https:\/\/www.scheible.de\/wp-content\/uploads\/2020\/05\/firmenveranstatung_porsche-museum-1001x1500.jpg 1500w, https:\/\/www.scheible.de\/wp-content\/uploads\/2020\/05\/firmenveranstatung_porsche-museum.jpg' alt='Reportagefotografie als Eventfotografie und Messefotografie: Bei einer Firmenveranstatung im Porschemuseum in Stuttgart spiegeln sich Teilnehmer in den gro\u00dfen Scheiben, w\u00e4hrend man drau\u00dfen das n\u00e4chtlich beleuchtete Kunstwerk auf der Kreisverkehr vor dem Museum sieht, auf dem Porsche Autos symbolisch in den Himmel fahren.' width='4016' height='6016' \/><\/figure><\/noscript>\n<div class='full-size-caption element-invisible fs-hide'>Bei einer Firmenveranstatung im Porschemuseum in Stuttgart spiegeln sich Teilnehmer in den gro\u00dfen Scheiben, drau\u00dfen seht man das n\u00e4chtlich beleuchtete Kunstwerk mit Porsche Autos, die symbolisch in den Himmel fahren.<\/div><p class='thumb-caption element-invisible'>Firmenveranstatung im Porschemuseum in Stuttgart.<\/p>\n<\/div>\n<\/div>\n<div id='thumb-1-12' class='thumb layout-item gallery-thumb' data-instance='1' data-hash='fackeltanz-firmenveranstaltung' data-bg='#3F3B82' data-brightness='bright'>\n<div class='thumb-inner'>\n<div class='thumb-bg' aria-hidden='true' style='background-color:#3F3B82; padding-bottom: calc(7952 \/ 5304 * 100%)'><\/div><figure><img src='data:image\/gif;base64,R0lGODlhAQABAIAAAP\/\/\/\/\/\/\/yH5BAEKAAEALAAAAAABAAEAAAICTAEAOw==' class='lazy' data-src='https:\/\/www.scheible.de\/wp-content\/uploads\/2020\/05\/fackeltanz-firmenveranstaltung-534x800.jpg' data-srcset='https:\/\/www.scheible.de\/wp-content\/uploads\/2020\/05\/fackeltanz-firmenveranstaltung-200x300.jpg 320w, https:\/\/www.scheible.de\/wp-content\/uploads\/2020\/05\/fackeltanz-firmenveranstaltung-534x800.jpg 750w, https:\/\/www.scheible.de\/wp-content\/uploads\/2020\/05\/fackeltanz-firmenveranstaltung-1001x1500.jpg' data-src-full='https:\/\/www.scheible.de\/wp-content\/uploads\/2020\/05\/fackeltanz-firmenveranstaltung-200x300.jpg 320w, https:\/\/www.scheible.de\/wp-content\/uploads\/2020\/05\/fackeltanz-firmenveranstaltung-534x800.jpg 750w, https:\/\/www.scheible.de\/wp-content\/uploads\/2020\/05\/fackeltanz-firmenveranstaltung-1001x1500.jpg 1500w, https:\/\/www.scheible.de\/wp-content\/uploads\/2020\/05\/fackeltanz-firmenveranstaltung-2001x3000.jpg' alt='Reportagefotografie als Eventfotografie und Messefotografie: Auf einem Firmenevent f\u00fchrt eine Akrobatin in einem Fantasiekost\u00fcm Kunstst\u00fccke mit einer Fackel vor.' width='5304' height='7952' \/><\/figure><noscript><figure style='background-color:#3F3B82'><img src='https:\/\/www.scheible.de\/wp-content\/uploads\/2020\/05\/fackeltanz-firmenveranstaltung-534x800.jpg' srcset='https:\/\/www.scheible.de\/wp-content\/uploads\/2020\/05\/fackeltanz-firmenveranstaltung-200x300.jpg 320w, https:\/\/www.scheible.de\/wp-content\/uploads\/2020\/05\/fackeltanz-firmenveranstaltung-534x800.jpg 750w, https:\/\/www.scheible.de\/wp-content\/uploads\/2020\/05\/fackeltanz-firmenveranstaltung-1001x1500.jpg 1500w, https:\/\/www.scheible.de\/wp-content\/uploads\/2020\/05\/fackeltanz-firmenveranstaltung.jpg' alt='Reportagefotografie als Eventfotografie und Messefotografie: Auf einem Firmenevent f\u00fchrt eine Akrobatin in einem Fantasiekost\u00fcm Kunstst\u00fccke mit einer Fackel vor.' width='5304' height='7952' \/><\/figure><\/noscript>\n<div class='full-size-caption element-invisible fs-hide'>Auf einem Firmenevent f\u00fchrt eine Akrobatin in einem Fantasiekost\u00fcm Kunstst\u00fccke mit einer Fackel vor.<\/div><p class='thumb-caption element-invisible'>Fackeltanz auff einem Firmenevent.<\/p>\n<\/div>\n<\/div>\n<div id='thumb-1-13' class='thumb layout-item gallery-thumb' data-instance='1' data-hash='dobrindt-veranstaltung' data-bg='#6E6C75' data-brightness='bright'>\n<div class='thumb-inner'>\n<div class='thumb-bg' aria-hidden='true' style='background-color:#6E6C75; padding-bottom: calc(5304 \/ 7952 * 100%)'><\/div><figure><img src='data:image\/gif;base64,R0lGODlhAQABAIAAAP\/\/\/\/\/\/\/yH5BAEKAAEALAAAAAABAAEAAAICTAEAOw==' class='lazy' data-src='https:\/\/www.scheible.de\/wp-content\/uploads\/2020\/05\/dobrindt-veranstaltung-800x534.jpg' data-srcset='https:\/\/www.scheible.de\/wp-content\/uploads\/2020\/05\/dobrindt-veranstaltung-300x200.jpg 320w, https:\/\/www.scheible.de\/wp-content\/uploads\/2020\/05\/dobrindt-veranstaltung-800x534.jpg 750w, https:\/\/www.scheible.de\/wp-content\/uploads\/2020\/05\/dobrindt-veranstaltung-1500x1001.jpg' data-src-full='https:\/\/www.scheible.de\/wp-content\/uploads\/2020\/05\/dobrindt-veranstaltung-300x200.jpg 320w, https:\/\/www.scheible.de\/wp-content\/uploads\/2020\/05\/dobrindt-veranstaltung-800x534.jpg 750w, https:\/\/www.scheible.de\/wp-content\/uploads\/2020\/05\/dobrindt-veranstaltung-1500x1001.jpg 1500w, https:\/\/www.scheible.de\/wp-content\/uploads\/2020\/05\/dobrindt-veranstaltung-3000x2001.jpg' alt='Reportagefotografie als Eventfotografie und Messefotografie: Der CSU-Politiker Alexander Dobrindt besucht eine Veranstaltung in einem kleinen bayerischen Ort. Auf seinem Arm sitzt ein kleines M\u00e4dchen in Tracht.' width='7952' height='5304' \/><\/figure><noscript><figure style='background-color:#6E6C75'><img src='https:\/\/www.scheible.de\/wp-content\/uploads\/2020\/05\/dobrindt-veranstaltung-800x534.jpg' srcset='https:\/\/www.scheible.de\/wp-content\/uploads\/2020\/05\/dobrindt-veranstaltung-300x200.jpg 320w, https:\/\/www.scheible.de\/wp-content\/uploads\/2020\/05\/dobrindt-veranstaltung-800x534.jpg 750w, https:\/\/www.scheible.de\/wp-content\/uploads\/2020\/05\/dobrindt-veranstaltung-1500x1001.jpg 1500w, https:\/\/www.scheible.de\/wp-content\/uploads\/2020\/05\/dobrindt-veranstaltung.jpg' alt='Reportagefotografie als Eventfotografie und Messefotografie: Der CSU-Politiker Alexander Dobrindt besucht eine Veranstaltung in einem kleinen bayerischen Ort. Auf seinem Arm sitzt ein kleines M\u00e4dchen in Tracht.' width='7952' height='5304' \/><\/figure><\/noscript>\n<div class='full-size-caption element-invisible fs-hide'>Der CSU-Politiker Alexander Dobrindt h\u00e4lt bei einer lokalen Veranstaltung ein kleines M\u00e4dchen in Tracht auf seinem Arm.<\/div><p class='thumb-caption element-invisible'>Der CSU-Politiker Alexander Dobrindt bei einer lokalen Veranstaltung.<\/p>\n<\/div>\n<\/div>\n<div id='thumb-1-14' class='thumb layout-item gallery-thumb' data-instance='1' data-hash='sap-se-bill-mcdermott' data-bg='#657CB7' data-brightness='dark'>\n<div class='thumb-inner'>\n<div class='thumb-bg' aria-hidden='true' style='background-color:#657CB7; padding-bottom: calc(4087 \/ 6127 * 100%)'><\/div><figure><img src='data:image\/gif;base64,R0lGODlhAQABAIAAAP\/\/\/\/\/\/\/yH5BAEKAAEALAAAAAABAAEAAAICTAEAOw==' class='lazy' data-src='https:\/\/www.scheible.de\/wp-content\/uploads\/2020\/05\/sap-se-bill-mcdermott-800x534.jpg' data-srcset='https:\/\/www.scheible.de\/wp-content\/uploads\/2020\/05\/sap-se-bill-mcdermott-300x200.jpg 320w, https:\/\/www.scheible.de\/wp-content\/uploads\/2020\/05\/sap-se-bill-mcdermott-800x534.jpg 750w, https:\/\/www.scheible.de\/wp-content\/uploads\/2020\/05\/sap-se-bill-mcdermott-1500x1001.jpg' data-src-full='https:\/\/www.scheible.de\/wp-content\/uploads\/2020\/05\/sap-se-bill-mcdermott-300x200.jpg 320w, https:\/\/www.scheible.de\/wp-content\/uploads\/2020\/05\/sap-se-bill-mcdermott-800x534.jpg 750w, https:\/\/www.scheible.de\/wp-content\/uploads\/2020\/05\/sap-se-bill-mcdermott-1500x1001.jpg 1500w, https:\/\/www.scheible.de\/wp-content\/uploads\/2020\/05\/sap-se-bill-mcdermott-3000x2001.jpg' alt='Reportagefotografie als Eventfotografie und Messefotografie: Bilanz-Pressekonferenz der SAP SE in Walldorf: Vorstandssprecher Bill McDermott und Finanzvorstand Luka Mucic heben die Daumen.' width='6127' height='4087' \/><\/figure><noscript><figure style='background-color:#657CB7'><img src='https:\/\/www.scheible.de\/wp-content\/uploads\/2020\/05\/sap-se-bill-mcdermott-800x534.jpg' srcset='https:\/\/www.scheible.de\/wp-content\/uploads\/2020\/05\/sap-se-bill-mcdermott-300x200.jpg 320w, https:\/\/www.scheible.de\/wp-content\/uploads\/2020\/05\/sap-se-bill-mcdermott-800x534.jpg 750w, https:\/\/www.scheible.de\/wp-content\/uploads\/2020\/05\/sap-se-bill-mcdermott-1500x1001.jpg 1500w, https:\/\/www.scheible.de\/wp-content\/uploads\/2020\/05\/sap-se-bill-mcdermott.jpg' alt='Reportagefotografie als Eventfotografie und Messefotografie: Bilanz-Pressekonferenz der SAP SE in Walldorf: Vorstandssprecher Bill McDermott und Finanzvorstand Luka Mucic heben die Daumen.' width='6127' height='4087' \/><\/figure><\/noscript>\n<div class='full-size-caption element-invisible fs-hide'>Pressekonferenz der SAP SE in Walldorf: Vorstandssprecher Bill McDermott und Finanzvorstand Luka Mucic heben die Daumen.<\/div><p class='thumb-caption element-invisible'>Bilanz-Pressekonferenz der SAP SE in Walldorf.<\/p>\n<\/div>\n<\/div>\n<div id='thumb-1-15' class='thumb layout-item gallery-thumb' data-instance='1' data-hash='merkel-cebit-sap-se' data-bg='#74747B' data-brightness='bright'>\n<div class='thumb-inner'>\n<div class='thumb-bg' aria-hidden='true' style='background-color:#74747B; padding-bottom: calc(5304 \/ 7952 * 100%)'><\/div><figure><img src='data:image\/gif;base64,R0lGODlhAQABAIAAAP\/\/\/\/\/\/\/yH5BAEKAAEALAAAAAABAAEAAAICTAEAOw==' class='lazy' data-src='https:\/\/www.scheible.de\/wp-content\/uploads\/2020\/05\/merkel-cebit-sap-se-800x534.jpg' data-srcset='https:\/\/www.scheible.de\/wp-content\/uploads\/2020\/05\/merkel-cebit-sap-se-300x200.jpg 320w, https:\/\/www.scheible.de\/wp-content\/uploads\/2020\/05\/merkel-cebit-sap-se-800x534.jpg 750w, https:\/\/www.scheible.de\/wp-content\/uploads\/2020\/05\/merkel-cebit-sap-se-1500x1001.jpg' data-src-full='https:\/\/www.scheible.de\/wp-content\/uploads\/2020\/05\/merkel-cebit-sap-se-300x200.jpg 320w, https:\/\/www.scheible.de\/wp-content\/uploads\/2020\/05\/merkel-cebit-sap-se-800x534.jpg 750w, https:\/\/www.scheible.de\/wp-content\/uploads\/2020\/05\/merkel-cebit-sap-se-1500x1001.jpg 1500w, https:\/\/www.scheible.de\/wp-content\/uploads\/2020\/05\/merkel-cebit-sap-se-3000x2001.jpg' alt='Reportagefotografie als Eventfotografie und Messefotografie: Bundeskanzlerin Angela Merkel besucht den Messestand der SAP SE auf der Cebit in Hannover.' width='7952' height='5304' \/><\/figure><noscript><figure style='background-color:#74747B'><img src='https:\/\/www.scheible.de\/wp-content\/uploads\/2020\/05\/merkel-cebit-sap-se-800x534.jpg' srcset='https:\/\/www.scheible.de\/wp-content\/uploads\/2020\/05\/merkel-cebit-sap-se-300x200.jpg 320w, https:\/\/www.scheible.de\/wp-content\/uploads\/2020\/05\/merkel-cebit-sap-se-800x534.jpg 750w, https:\/\/www.scheible.de\/wp-content\/uploads\/2020\/05\/merkel-cebit-sap-se-1500x1001.jpg 1500w, https:\/\/www.scheible.de\/wp-content\/uploads\/2020\/05\/merkel-cebit-sap-se.jpg' alt='Reportagefotografie als Eventfotografie und Messefotografie: Bundeskanzlerin Angela Merkel besucht den Messestand der SAP SE auf der Cebit in Hannover.' width='7952' height='5304' \/><\/figure><\/noscript>\n<div class='full-size-caption element-invisible fs-hide'>Bundeskanzlerin Angela Merkel besucht den Messestand der SAP SE auf der Cebit in Hannover.<\/div><p class='thumb-caption element-invisible'>Bundeskanzlerin Angela Merkel besucht den Messestand der SAP SE auf der Cebit in Hannover.<\/p>\n<\/div>\n<\/div>\n<div id='thumb-1-16' class='thumb layout-item gallery-thumb' data-instance='1' data-hash='denner-jahrespressekonferenz-bosch' data-bg='#8D9AAE' data-brightness='dark'>\n<div class='thumb-inner'>\n<div class='thumb-bg' aria-hidden='true' style='background-color:#8D9AAE; padding-bottom: calc(5304 \/ 7952 * 100%)'><\/div><figure><img src='data:image\/gif;base64,R0lGODlhAQABAIAAAP\/\/\/\/\/\/\/yH5BAEKAAEALAAAAAABAAEAAAICTAEAOw==' class='lazy' data-src='https:\/\/www.scheible.de\/wp-content\/uploads\/2020\/05\/denner-jahrespressekonferenz-bosch-800x534.jpg' data-srcset='https:\/\/www.scheible.de\/wp-content\/uploads\/2020\/05\/denner-jahrespressekonferenz-bosch-300x200.jpg 320w, https:\/\/www.scheible.de\/wp-content\/uploads\/2020\/05\/denner-jahrespressekonferenz-bosch-800x534.jpg 750w, https:\/\/www.scheible.de\/wp-content\/uploads\/2020\/05\/denner-jahrespressekonferenz-bosch-1500x1001.jpg' data-src-full='https:\/\/www.scheible.de\/wp-content\/uploads\/2020\/05\/denner-jahrespressekonferenz-bosch-300x200.jpg 320w, https:\/\/www.scheible.de\/wp-content\/uploads\/2020\/05\/denner-jahrespressekonferenz-bosch-800x534.jpg 750w, https:\/\/www.scheible.de\/wp-content\/uploads\/2020\/05\/denner-jahrespressekonferenz-bosch-1500x1001.jpg 1500w, https:\/\/www.scheible.de\/wp-content\/uploads\/2020\/05\/denner-jahrespressekonferenz-bosch-3000x2001.jpg' alt='Reportagefotografie als Eventfotografie und Messefotografie: Gesch\u00e4ftsf\u00fchrer Volkmar Denner wird auf der Jahrespressekonferenz der Robert Bosch GmbH fotografiert.' width='7952' height='5304' \/><\/figure><noscript><figure style='background-color:#8D9AAE'><img src='https:\/\/www.scheible.de\/wp-content\/uploads\/2020\/05\/denner-jahrespressekonferenz-bosch-800x534.jpg' srcset='https:\/\/www.scheible.de\/wp-content\/uploads\/2020\/05\/denner-jahrespressekonferenz-bosch-300x200.jpg 320w, https:\/\/www.scheible.de\/wp-content\/uploads\/2020\/05\/denner-jahrespressekonferenz-bosch-800x534.jpg 750w, https:\/\/www.scheible.de\/wp-content\/uploads\/2020\/05\/denner-jahrespressekonferenz-bosch-1500x1001.jpg 1500w, https:\/\/www.scheible.de\/wp-content\/uploads\/2020\/05\/denner-jahrespressekonferenz-bosch.jpg' alt='Reportagefotografie als Eventfotografie und Messefotografie: Gesch\u00e4ftsf\u00fchrer Volkmar Denner wird auf der Jahrespressekonferenz der Robert Bosch GmbH fotografiert.' width='7952' height='5304' \/><\/figure><\/noscript>\n<div class='full-size-caption element-invisible fs-hide'>Gesch\u00e4ftsf\u00fchrer Volkmar Denner auf der Jahrespressekonferenz der Robert Bosch GmbH.<\/div><p class='thumb-caption element-invisible'>Volkmar Denner auf der Jahrespressekonferenz der Robert Bosch GmbH.<\/p>\n<\/div>\n<\/div>\n<div id='thumb-1-17' class='thumb layout-item gallery-thumb' data-instance='1' data-hash='umspannwerk-alexanderplatz' data-bg='#777375' data-brightness='bright'>\n<div class='thumb-inner'>\n<div class='thumb-bg' aria-hidden='true' style='background-color:#777375; padding-bottom: calc(5304 \/ 7952 * 100%)'><\/div><figure><img src='data:image\/gif;base64,R0lGODlhAQABAIAAAP\/\/\/\/\/\/\/yH5BAEKAAEALAAAAAABAAEAAAICTAEAOw==' class='lazy' data-src='https:\/\/www.scheible.de\/wp-content\/uploads\/2020\/05\/umspannwerk-alexanderplatz-800x534.jpg' data-srcset='https:\/\/www.scheible.de\/wp-content\/uploads\/2020\/05\/umspannwerk-alexanderplatz-300x200.jpg 320w, https:\/\/www.scheible.de\/wp-content\/uploads\/2020\/05\/umspannwerk-alexanderplatz-800x534.jpg 750w, https:\/\/www.scheible.de\/wp-content\/uploads\/2020\/05\/umspannwerk-alexanderplatz-1500x1001.jpg' data-src-full='https:\/\/www.scheible.de\/wp-content\/uploads\/2020\/05\/umspannwerk-alexanderplatz-300x200.jpg 320w, https:\/\/www.scheible.de\/wp-content\/uploads\/2020\/05\/umspannwerk-alexanderplatz-800x534.jpg 750w, https:\/\/www.scheible.de\/wp-content\/uploads\/2020\/05\/umspannwerk-alexanderplatz-1500x1001.jpg 1500w, https:\/\/www.scheible.de\/wp-content\/uploads\/2020\/05\/umspannwerk-alexanderplatz-3000x2001.jpg' alt='Reportagefotografie als Eventfotografie und Messefotografie: Bei einem Firmenevent im Umspannwerk Alexanderplatz in Berlin donnern Z\u00fcge die angrenzende erh\u00f6ht liegende Gleisanlage entlang. Unten versorgen die Teilnehmer im Hof der Eventlocation an kleinen Zelten mit Essen.' width='7952' height='5304' \/><\/figure><noscript><figure style='background-color:#777375'><img src='https:\/\/www.scheible.de\/wp-content\/uploads\/2020\/05\/umspannwerk-alexanderplatz-800x534.jpg' srcset='https:\/\/www.scheible.de\/wp-content\/uploads\/2020\/05\/umspannwerk-alexanderplatz-300x200.jpg 320w, https:\/\/www.scheible.de\/wp-content\/uploads\/2020\/05\/umspannwerk-alexanderplatz-800x534.jpg 750w, https:\/\/www.scheible.de\/wp-content\/uploads\/2020\/05\/umspannwerk-alexanderplatz-1500x1001.jpg 1500w, https:\/\/www.scheible.de\/wp-content\/uploads\/2020\/05\/umspannwerk-alexanderplatz.jpg' alt='Reportagefotografie als Eventfotografie und Messefotografie: Bei einem Firmenevent im Umspannwerk Alexanderplatz in Berlin donnern Z\u00fcge die angrenzende erh\u00f6ht liegende Gleisanlage entlang. Unten versorgen die Teilnehmer im Hof der Eventlocation an kleinen Zelten mit Essen.' width='7952' height='5304' \/><\/figure><\/noscript>\n<div class='full-size-caption element-invisible fs-hide'>Bei einem Firmenevent im Hof des Umspannwerks Alexanderplatz in Berlin donnern Z\u00fcge die angrenzende erh\u00f6ht liegende Gleisanlage entlang.<\/div><p class='thumb-caption element-invisible'>Firmenevent im Umspannwerk Alexanderplatz in Berlin.<\/p>\n<\/div>\n<\/div>\n<div id='thumb-1-18' class='thumb layout-item gallery-thumb' data-instance='1' data-hash='ranga-yogeshwar-lapp-kabel' data-bg='#56514D' data-brightness='bright'>\n<div class='thumb-inner'>\n<div class='thumb-bg' aria-hidden='true' style='background-color:#56514D; padding-bottom: calc(4000 \/ 6000 * 100%)'><\/div><figure><img src='data:image\/gif;base64,R0lGODlhAQABAIAAAP\/\/\/\/\/\/\/yH5BAEKAAEALAAAAAABAAEAAAICTAEAOw==' class='lazy' data-src='https:\/\/www.scheible.de\/wp-content\/uploads\/2020\/05\/ranga-yogeshwar-lapp-kabel-800x533.jpg' data-srcset='https:\/\/www.scheible.de\/wp-content\/uploads\/2020\/05\/ranga-yogeshwar-lapp-kabel-300x200.jpg 320w, https:\/\/www.scheible.de\/wp-content\/uploads\/2020\/05\/ranga-yogeshwar-lapp-kabel-800x533.jpg 750w, https:\/\/www.scheible.de\/wp-content\/uploads\/2020\/05\/ranga-yogeshwar-lapp-kabel-1500x1000.jpg' data-src-full='https:\/\/www.scheible.de\/wp-content\/uploads\/2020\/05\/ranga-yogeshwar-lapp-kabel-300x200.jpg 320w, https:\/\/www.scheible.de\/wp-content\/uploads\/2020\/05\/ranga-yogeshwar-lapp-kabel-800x533.jpg 750w, https:\/\/www.scheible.de\/wp-content\/uploads\/2020\/05\/ranga-yogeshwar-lapp-kabel-1500x1000.jpg 1500w, https:\/\/www.scheible.de\/wp-content\/uploads\/2020\/05\/ranga-yogeshwar-lapp-kabel-3000x2000.jpg' alt='Eventfotografie, Veranstaltungsfotografie Reportagefotografie: Der Wissenschaftsjournalist Ranga Yogeshwar h\u00e4lt auf einer Veranstaltung der Firma Lapp Kabel einen Vortrag vor G\u00e4sten, Firmenmitarbeitern und deren Familien. Im Hintergrund sieht man das Logo der Firma.' width='6000' height='4000' \/><\/figure><noscript><figure style='background-color:#56514D'><img src='https:\/\/www.scheible.de\/wp-content\/uploads\/2020\/05\/ranga-yogeshwar-lapp-kabel-800x533.jpg' srcset='https:\/\/www.scheible.de\/wp-content\/uploads\/2020\/05\/ranga-yogeshwar-lapp-kabel-300x200.jpg 320w, https:\/\/www.scheible.de\/wp-content\/uploads\/2020\/05\/ranga-yogeshwar-lapp-kabel-800x533.jpg 750w, https:\/\/www.scheible.de\/wp-content\/uploads\/2020\/05\/ranga-yogeshwar-lapp-kabel-1500x1000.jpg 1500w, https:\/\/www.scheible.de\/wp-content\/uploads\/2020\/05\/ranga-yogeshwar-lapp-kabel.jpg' alt='Eventfotografie, Veranstaltungsfotografie Reportagefotografie: Der Wissenschaftsjournalist Ranga Yogeshwar h\u00e4lt auf einer Veranstaltung der Firma Lapp Kabel einen Vortrag vor G\u00e4sten, Firmenmitarbeitern und deren Familien. Im Hintergrund sieht man das Logo der Firma.' width='6000' height='4000' \/><\/figure><\/noscript>\n<div class='full-size-caption element-invisible fs-hide'>Der Wissenschaftsjournalist Ranga Yogeshwar h\u00e4lt auf einer Veranstaltung der Firma Lapp Kabel einen Vortrag vor G\u00e4sten, Firmenmitarbeitern und deren Familien.<\/div><p class='thumb-caption element-invisible'>Der Wissenschaftsjournalist Ranga Yogeshwar bei der Firma Lapp Kabel.<\/p>\n<\/div>\n<\/div>\n<div id='thumb-1-19' class='thumb layout-item gallery-thumb' data-instance='1' data-hash='andreas-bouran-firmenveranstaltung' data-bg='#395CA5' data-brightness='bright'>\n<div class='thumb-inner'>\n<div class='thumb-bg' aria-hidden='true' style='background-color:#395CA5; padding-bottom: calc(4000 \/ 6000 * 100%)'><\/div><figure><img src='data:image\/gif;base64,R0lGODlhAQABAIAAAP\/\/\/\/\/\/\/yH5BAEKAAEALAAAAAABAAEAAAICTAEAOw==' class='lazy' data-src='https:\/\/www.scheible.de\/wp-content\/uploads\/2020\/05\/andreas-bouran-firmenveranstaltung-800x533.jpg' data-srcset='https:\/\/www.scheible.de\/wp-content\/uploads\/2020\/05\/andreas-bouran-firmenveranstaltung-300x200.jpg 320w, https:\/\/www.scheible.de\/wp-content\/uploads\/2020\/05\/andreas-bouran-firmenveranstaltung-800x533.jpg 750w, https:\/\/www.scheible.de\/wp-content\/uploads\/2020\/05\/andreas-bouran-firmenveranstaltung-1500x1000.jpg' data-src-full='https:\/\/www.scheible.de\/wp-content\/uploads\/2020\/05\/andreas-bouran-firmenveranstaltung-300x200.jpg 320w, https:\/\/www.scheible.de\/wp-content\/uploads\/2020\/05\/andreas-bouran-firmenveranstaltung-800x533.jpg 750w, https:\/\/www.scheible.de\/wp-content\/uploads\/2020\/05\/andreas-bouran-firmenveranstaltung-1500x1000.jpg 1500w, https:\/\/www.scheible.de\/wp-content\/uploads\/2020\/05\/andreas-bouran-firmenveranstaltung-3000x2000.jpg' alt='Reportagefotografie als Eventfotografie und Messefotografie: Konzert von Andreas Bourani bei einer Firmenveranstaltung.' width='6000' height='4000' \/><\/figure><noscript><figure style='background-color:#395CA5'><img src='https:\/\/www.scheible.de\/wp-content\/uploads\/2020\/05\/andreas-bouran-firmenveranstaltung-800x533.jpg' srcset='https:\/\/www.scheible.de\/wp-content\/uploads\/2020\/05\/andreas-bouran-firmenveranstaltung-300x200.jpg 320w, https:\/\/www.scheible.de\/wp-content\/uploads\/2020\/05\/andreas-bouran-firmenveranstaltung-800x533.jpg 750w, https:\/\/www.scheible.de\/wp-content\/uploads\/2020\/05\/andreas-bouran-firmenveranstaltung-1500x1000.jpg 1500w, https:\/\/www.scheible.de\/wp-content\/uploads\/2020\/05\/andreas-bouran-firmenveranstaltung.jpg' alt='Reportagefotografie als Eventfotografie und Messefotografie: Konzert von Andreas Bourani bei einer Firmenveranstaltung.' width='6000' height='4000' \/><\/figure><\/noscript>\n<div class='full-size-caption element-invisible fs-hide'>Konzert von Andreas Bourani bei einer Firmenveranstaltung.<\/div><p class='thumb-caption element-invisible'>Konzert von Andreas Bourani bei einer Firmenveranstaltung.<\/p>\n<\/div>\n<\/div>\n<div id='thumb-1-20' class='thumb layout-item gallery-thumb' data-instance='1' data-hash='hoffmeister-kraut-stuttgart' data-bg='#9BB1B9' data-brightness='dark'>\n<div class='thumb-inner'>\n<div class='thumb-bg' aria-hidden='true' style='background-color:#9BB1B9; padding-bottom: calc(4000 \/ 6000 * 100%)'><\/div><figure><img src='data:image\/gif;base64,R0lGODlhAQABAIAAAP\/\/\/\/\/\/\/yH5BAEKAAEALAAAAAABAAEAAAICTAEAOw==' class='lazy' data-src='https:\/\/www.scheible.de\/wp-content\/uploads\/2020\/05\/hoffmeister-kraut-stuttgart-800x533.jpg' data-srcset='https:\/\/www.scheible.de\/wp-content\/uploads\/2020\/05\/hoffmeister-kraut-stuttgart-300x200.jpg 320w, https:\/\/www.scheible.de\/wp-content\/uploads\/2020\/05\/hoffmeister-kraut-stuttgart-800x533.jpg 750w, https:\/\/www.scheible.de\/wp-content\/uploads\/2020\/05\/hoffmeister-kraut-stuttgart-1500x1000.jpg' data-src-full='https:\/\/www.scheible.de\/wp-content\/uploads\/2020\/05\/hoffmeister-kraut-stuttgart-300x200.jpg 320w, https:\/\/www.scheible.de\/wp-content\/uploads\/2020\/05\/hoffmeister-kraut-stuttgart-800x533.jpg 750w, https:\/\/www.scheible.de\/wp-content\/uploads\/2020\/05\/hoffmeister-kraut-stuttgart-1500x1000.jpg 1500w, https:\/\/www.scheible.de\/wp-content\/uploads\/2020\/05\/hoffmeister-kraut-stuttgart-3000x2000.jpg' alt='Eventfotografie, Veranstaltungsfotografie Reportagefotografie: Die Ministerin fu\u0308r Wirtschaft, Arbeit und Wohnungsbau des Landes Baden-Wu\u0308rttemberg Dr. Nicole Hoffmeister-Kraut w\u00e4hrend einer Ansprache auf einer Veranstaltung im Haus der Wirtschaft in Stuttgart. Im Vordergrund sieht man das logo des Hauses und im Hintergrund das des Landes Baden-W\u00fcrttemberg.' width='6000' height='4000' \/><\/figure><noscript><figure style='background-color:#9BB1B9'><img src='https:\/\/www.scheible.de\/wp-content\/uploads\/2020\/05\/hoffmeister-kraut-stuttgart-800x533.jpg' srcset='https:\/\/www.scheible.de\/wp-content\/uploads\/2020\/05\/hoffmeister-kraut-stuttgart-300x200.jpg 320w, https:\/\/www.scheible.de\/wp-content\/uploads\/2020\/05\/hoffmeister-kraut-stuttgart-800x533.jpg 750w, https:\/\/www.scheible.de\/wp-content\/uploads\/2020\/05\/hoffmeister-kraut-stuttgart-1500x1000.jpg 1500w, https:\/\/www.scheible.de\/wp-content\/uploads\/2020\/05\/hoffmeister-kraut-stuttgart.jpg' alt='Eventfotografie, Veranstaltungsfotografie Reportagefotografie: Die Ministerin fu\u0308r Wirtschaft, Arbeit und Wohnungsbau des Landes Baden-Wu\u0308rttemberg Dr. Nicole Hoffmeister-Kraut w\u00e4hrend einer Ansprache auf einer Veranstaltung im Haus der Wirtschaft in Stuttgart. Im Vordergrund sieht man das logo des Hauses und im Hintergrund das des Landes Baden-W\u00fcrttemberg.' width='6000' height='4000' \/><\/figure><\/noscript>\n<div class='full-size-caption element-invisible fs-hide'>Die Ministerin fu\u0308r Wirtschaft, Arbeit und Wohnungsbau des Landes Baden-Wu\u0308rttemberg Dr. Nicole Hoffmeister-Kraut w\u00e4hrend einer Ansprache auf einer Veranstaltung im Haus der Wirtschaft in Stuttgart.<\/div><p class='thumb-caption element-invisible'>Dr. Nicole Hoffmeister-Kraut, Ministerin fu\u0308r Wirtschaft, Arbeit und Wohnungsbau des Landes Baden-Wu\u0308rttemberg.<\/p>\n<\/div>\n<\/div>\n<div id='thumb-1-21' class='thumb layout-item gallery-thumb' data-instance='1' data-hash='veranstaltungspause' data-bg='#584555' data-brightness='bright'>\n<div class='thumb-inner'>\n<div class='thumb-bg' aria-hidden='true' style='background-color:#584555; padding-bottom: calc(4000 \/ 6000 * 100%)'><\/div><figure><img src='data:image\/gif;base64,R0lGODlhAQABAIAAAP\/\/\/\/\/\/\/yH5BAEKAAEALAAAAAABAAEAAAICTAEAOw==' class='lazy' data-src='https:\/\/www.scheible.de\/wp-content\/uploads\/2020\/05\/veranstaltungspause-800x533.jpg' data-srcset='https:\/\/www.scheible.de\/wp-content\/uploads\/2020\/05\/veranstaltungspause-300x200.jpg 320w, https:\/\/www.scheible.de\/wp-content\/uploads\/2020\/05\/veranstaltungspause-800x533.jpg 750w, https:\/\/www.scheible.de\/wp-content\/uploads\/2020\/05\/veranstaltungspause-1500x1000.jpg' data-src-full='https:\/\/www.scheible.de\/wp-content\/uploads\/2020\/05\/veranstaltungspause-300x200.jpg 320w, https:\/\/www.scheible.de\/wp-content\/uploads\/2020\/05\/veranstaltungspause-800x533.jpg 750w, https:\/\/www.scheible.de\/wp-content\/uploads\/2020\/05\/veranstaltungspause-1500x1000.jpg 1500w, https:\/\/www.scheible.de\/wp-content\/uploads\/2020\/05\/veranstaltungspause-3000x2000.jpg' alt='Veranstaltungsfotografie: In der Pause einer Firmenveranstaltung diskutieren mehrere Teilnehmer \u00fcber das Erfahrene. W\u00e4hrend man ihre Silhouetten sieht, l\u00e4uft im Hintergrund jemand in dem farbig beleuchteten Flur entlang.' width='6000' height='4000' \/><\/figure><noscript><figure style='background-color:#584555'><img src='https:\/\/www.scheible.de\/wp-content\/uploads\/2020\/05\/veranstaltungspause-800x533.jpg' srcset='https:\/\/www.scheible.de\/wp-content\/uploads\/2020\/05\/veranstaltungspause-300x200.jpg 320w, https:\/\/www.scheible.de\/wp-content\/uploads\/2020\/05\/veranstaltungspause-800x533.jpg 750w, https:\/\/www.scheible.de\/wp-content\/uploads\/2020\/05\/veranstaltungspause-1500x1000.jpg 1500w, https:\/\/www.scheible.de\/wp-content\/uploads\/2020\/05\/veranstaltungspause.jpg' alt='Veranstaltungsfotografie: In der Pause einer Firmenveranstaltung diskutieren mehrere Teilnehmer \u00fcber das Erfahrene. W\u00e4hrend man ihre Silhouetten sieht, l\u00e4uft im Hintergrund jemand in dem farbig beleuchteten Flur entlang.' width='6000' height='4000' \/><\/figure><\/noscript>\n<div class='full-size-caption element-invisible fs-hide'>In der Pause einer Firmenveranstaltung diskutieren mehrere Teilnehmer \u00fcber das Erfahrene. Man sieht nur ihre Silhouetten.<\/div><p class='thumb-caption element-invisible'>In der Pause einer Firmenveranstaltung diskutieren mehrere Teilnehmer \u00fcber das Erfahrene.<\/p>\n<\/div>\n<\/div>\n<div id='thumb-1-22' class='thumb layout-item gallery-thumb' data-instance='1' data-hash='kretschmann-selfies' data-bg='#A29A9A' data-brightness='dark'>\n<div class='thumb-inner'>\n<div class='thumb-bg' aria-hidden='true' style='background-color:#A29A9A; padding-bottom: calc(3821 \/ 5731 * 100%)'><\/div><figure><img src='data:image\/gif;base64,R0lGODlhAQABAIAAAP\/\/\/\/\/\/\/yH5BAEKAAEALAAAAAABAAEAAAICTAEAOw==' class='lazy' data-src='https:\/\/www.scheible.de\/wp-content\/uploads\/2020\/05\/kretschmann-selfies-800x533.jpg' data-srcset='https:\/\/www.scheible.de\/wp-content\/uploads\/2020\/05\/kretschmann-selfies-300x200.jpg 320w, https:\/\/www.scheible.de\/wp-content\/uploads\/2020\/05\/kretschmann-selfies-800x533.jpg 750w, https:\/\/www.scheible.de\/wp-content\/uploads\/2020\/05\/kretschmann-selfies-1500x1000.jpg' data-src-full='https:\/\/www.scheible.de\/wp-content\/uploads\/2020\/05\/kretschmann-selfies-300x200.jpg 320w, https:\/\/www.scheible.de\/wp-content\/uploads\/2020\/05\/kretschmann-selfies-800x533.jpg 750w, https:\/\/www.scheible.de\/wp-content\/uploads\/2020\/05\/kretschmann-selfies-1500x1000.jpg 1500w, https:\/\/www.scheible.de\/wp-content\/uploads\/2020\/05\/kretschmann-selfies-3000x2000.jpg' alt='Reportagefotografie als Eventfotografie und Messefotografie: Winfried Kretschmann, Ministerpr\u00e4sident von Baden-W\u00fcrttemberg, l\u00e4sst sich zusammen mit Teilnehmern einer Festveranstaltung f\u00fcr Selfies ablichten.' width='5731' height='3821' \/><\/figure><noscript><figure style='background-color:#A29A9A'><img src='https:\/\/www.scheible.de\/wp-content\/uploads\/2020\/05\/kretschmann-selfies-800x533.jpg' srcset='https:\/\/www.scheible.de\/wp-content\/uploads\/2020\/05\/kretschmann-selfies-300x200.jpg 320w, https:\/\/www.scheible.de\/wp-content\/uploads\/2020\/05\/kretschmann-selfies-800x533.jpg 750w, https:\/\/www.scheible.de\/wp-content\/uploads\/2020\/05\/kretschmann-selfies-1500x1000.jpg 1500w, https:\/\/www.scheible.de\/wp-content\/uploads\/2020\/05\/kretschmann-selfies.jpg' alt='Reportagefotografie als Eventfotografie und Messefotografie: Winfried Kretschmann, Ministerpr\u00e4sident von Baden-W\u00fcrttemberg, l\u00e4sst sich zusammen mit Teilnehmern einer Festveranstaltung f\u00fcr Selfies ablichten.' width='5731' height='3821' \/><\/figure><\/noscript>\n<div class='full-size-caption element-invisible fs-hide'>Winfried Kretschmann, Ministerpr\u00e4sident von Baden-W\u00fcrttemberg, bei Selfies mit Teilnehmern einer Festveranstaltung.<\/div><p class='thumb-caption element-invisible'>Winfried Kretschmann, Ministerpr\u00e4sident von Baden-W\u00fcrttemberg.<\/p>\n<\/div>\n<\/div>\n<div id='thumb-1-23' class='thumb layout-item gallery-thumb' data-instance='1' data-hash='denner-bosch-event' data-bg='#A2A0A3' data-brightness='dark'>\n<div class='thumb-inner'>\n<div class='thumb-bg' aria-hidden='true' style='background-color:#A2A0A3; padding-bottom: calc(4000 \/ 6000 * 100%)'><\/div><figure><img src='data:image\/gif;base64,R0lGODlhAQABAIAAAP\/\/\/\/\/\/\/yH5BAEKAAEALAAAAAABAAEAAAICTAEAOw==' class='lazy' data-src='https:\/\/www.scheible.de\/wp-content\/uploads\/2020\/05\/denner-bosch-event-800x533.jpg' data-srcset='https:\/\/www.scheible.de\/wp-content\/uploads\/2020\/05\/denner-bosch-event-300x200.jpg 320w, https:\/\/www.scheible.de\/wp-content\/uploads\/2020\/05\/denner-bosch-event-800x533.jpg 750w, https:\/\/www.scheible.de\/wp-content\/uploads\/2020\/05\/denner-bosch-event-1500x1000.jpg' data-src-full='https:\/\/www.scheible.de\/wp-content\/uploads\/2020\/05\/denner-bosch-event-300x200.jpg 320w, https:\/\/www.scheible.de\/wp-content\/uploads\/2020\/05\/denner-bosch-event-800x533.jpg 750w, https:\/\/www.scheible.de\/wp-content\/uploads\/2020\/05\/denner-bosch-event-1500x1000.jpg 1500w, https:\/\/www.scheible.de\/wp-content\/uploads\/2020\/05\/denner-bosch-event-3000x2000.jpg' alt='Reportagefotografie als Eventfotografie und Messefotografie: Volkmar Denner, Vorsitzender der Gesch\u00e4ftsf\u00fchrung der Robert Bosch GmbH, bei einer Veranstaltung. W\u00e4hrend einer technischen Diskussion tr\u00e4gt er Kopfh\u00f6rer von Bosch.' width='6000' height='4000' \/><\/figure><noscript><figure style='background-color:#A2A0A3'><img src='https:\/\/www.scheible.de\/wp-content\/uploads\/2020\/05\/denner-bosch-event-800x533.jpg' srcset='https:\/\/www.scheible.de\/wp-content\/uploads\/2020\/05\/denner-bosch-event-300x200.jpg 320w, https:\/\/www.scheible.de\/wp-content\/uploads\/2020\/05\/denner-bosch-event-800x533.jpg 750w, https:\/\/www.scheible.de\/wp-content\/uploads\/2020\/05\/denner-bosch-event-1500x1000.jpg 1500w, https:\/\/www.scheible.de\/wp-content\/uploads\/2020\/05\/denner-bosch-event.jpg' alt='Reportagefotografie als Eventfotografie und Messefotografie: Volkmar Denner, Vorsitzender der Gesch\u00e4ftsf\u00fchrung der Robert Bosch GmbH, bei einer Veranstaltung. W\u00e4hrend einer technischen Diskussion tr\u00e4gt er Kopfh\u00f6rer von Bosch.' width='6000' height='4000' \/><\/figure><\/noscript>\n<div class='full-size-caption element-invisible fs-hide'>Volkmar Denner, Vorsitzender der Gesch\u00e4ftsf\u00fchrung der Robert Bosch GmbH bei einer Veranstaltung. <\/div><p class='thumb-caption element-invisible'>Volkmar Denner von Bosch bei einer Veranstaltung. <\/p>\n<\/div>\n<\/div>\n<div id='thumb-1-24' class='thumb layout-item gallery-thumb' data-instance='1' data-hash='peter-hauk-breitband' data-bg='#8B7A60' data-brightness='bright'>\n<div class='thumb-inner'>\n<div class='thumb-bg' aria-hidden='true' style='background-color:#8B7A60; padding-bottom: calc(4000 \/ 6000 * 100%)'><\/div><figure><img src='data:image\/gif;base64,R0lGODlhAQABAIAAAP\/\/\/\/\/\/\/yH5BAEKAAEALAAAAAABAAEAAAICTAEAOw==' class='lazy' data-src='https:\/\/www.scheible.de\/wp-content\/uploads\/2020\/05\/peter-hauk-breitband-800x533.jpg' data-srcset='https:\/\/www.scheible.de\/wp-content\/uploads\/2020\/05\/peter-hauk-breitband-300x200.jpg 320w, https:\/\/www.scheible.de\/wp-content\/uploads\/2020\/05\/peter-hauk-breitband-800x533.jpg 750w, https:\/\/www.scheible.de\/wp-content\/uploads\/2020\/05\/peter-hauk-breitband-1500x1000.jpg' data-src-full='https:\/\/www.scheible.de\/wp-content\/uploads\/2020\/05\/peter-hauk-breitband-300x200.jpg 320w, https:\/\/www.scheible.de\/wp-content\/uploads\/2020\/05\/peter-hauk-breitband-800x533.jpg 750w, https:\/\/www.scheible.de\/wp-content\/uploads\/2020\/05\/peter-hauk-breitband-1500x1000.jpg 1500w, https:\/\/www.scheible.de\/wp-content\/uploads\/2020\/05\/peter-hauk-breitband-3000x2000.jpg' alt='Reportagefotografie als Eventfotografie und Messefotografie: Minister Peter Hauk MdL vom Ministerium f\u00fcr L\u00e4ndlichen Raum und Verbraucherschutz (MLR) in Baden-W\u00fcrttemberg schaut bei einer Veranstaltung anl\u00e4sslich des Internetbreitbandausbaus in einem Landkreis durch einen Ring aus Glasfaserkabel.' width='6000' height='4000' \/><\/figure><noscript><figure style='background-color:#8B7A60'><img src='https:\/\/www.scheible.de\/wp-content\/uploads\/2020\/05\/peter-hauk-breitband-800x533.jpg' srcset='https:\/\/www.scheible.de\/wp-content\/uploads\/2020\/05\/peter-hauk-breitband-300x200.jpg 320w, https:\/\/www.scheible.de\/wp-content\/uploads\/2020\/05\/peter-hauk-breitband-800x533.jpg 750w, https:\/\/www.scheible.de\/wp-content\/uploads\/2020\/05\/peter-hauk-breitband-1500x1000.jpg 1500w, https:\/\/www.scheible.de\/wp-content\/uploads\/2020\/05\/peter-hauk-breitband.jpg' alt='Reportagefotografie als Eventfotografie und Messefotografie: Minister Peter Hauk MdL vom Ministerium f\u00fcr L\u00e4ndlichen Raum und Verbraucherschutz (MLR) in Baden-W\u00fcrttemberg schaut bei einer Veranstaltung anl\u00e4sslich des Internetbreitbandausbaus in einem Landkreis durch einen Ring aus Glasfaserkabel.' width='6000' height='4000' \/><\/figure><\/noscript>\n<div class='full-size-caption element-invisible fs-hide'> Minister Peter Hauk MdL vom Ministerium f\u00fcr L\u00e4ndlichen Raum und Verbraucherschutz (MLR) in Baden-W\u00fcrttemberg bei einer Veranstaltung anl\u00e4sslich des Internetbreitbandausbaus in einem Landkreis.<\/div><p class='thumb-caption element-invisible'> Minister Peter Hauk bei einer Veranstaltung zum Internetbreitbandausbau..<\/p>\n<\/div>\n<\/div>\n<div id='thumb-1-25' class='thumb layout-item gallery-thumb' data-instance='1' data-hash='jubilaeumskonzert' data-bg='#83837D' data-brightness='dark'>\n<div class='thumb-inner'>\n<div class='thumb-bg' aria-hidden='true' style='background-color:#83837D; padding-bottom: calc(4000 \/ 6000 * 100%)'><\/div><figure><img src='data:image\/gif;base64,R0lGODlhAQABAIAAAP\/\/\/\/\/\/\/yH5BAEKAAEALAAAAAABAAEAAAICTAEAOw==' class='lazy' data-src='https:\/\/www.scheible.de\/wp-content\/uploads\/2020\/05\/jubilaeumskonzert-800x533.jpg' data-srcset='https:\/\/www.scheible.de\/wp-content\/uploads\/2020\/05\/jubilaeumskonzert-300x200.jpg 320w, https:\/\/www.scheible.de\/wp-content\/uploads\/2020\/05\/jubilaeumskonzert-800x533.jpg 750w, https:\/\/www.scheible.de\/wp-content\/uploads\/2020\/05\/jubilaeumskonzert-1500x1000.jpg' data-src-full='https:\/\/www.scheible.de\/wp-content\/uploads\/2020\/05\/jubilaeumskonzert-300x200.jpg 320w, https:\/\/www.scheible.de\/wp-content\/uploads\/2020\/05\/jubilaeumskonzert-800x533.jpg 750w, https:\/\/www.scheible.de\/wp-content\/uploads\/2020\/05\/jubilaeumskonzert-1500x1000.jpg 1500w, https:\/\/www.scheible.de\/wp-content\/uploads\/2020\/05\/jubilaeumskonzert-3000x2000.jpg' alt='Reportagefotografie als Eventfotografie und Messefotografie: Bei einer Jubil\u00e4umsveranstaltung einer Universit\u00e4t spielt ein Mitglied des Universit\u00e4tsorchesters mit aufgeblasenen Backen auf der Tuba.' width='6000' height='4000' \/><\/figure><noscript><figure style='background-color:#83837D'><img src='https:\/\/www.scheible.de\/wp-content\/uploads\/2020\/05\/jubilaeumskonzert-800x533.jpg' srcset='https:\/\/www.scheible.de\/wp-content\/uploads\/2020\/05\/jubilaeumskonzert-300x200.jpg 320w, https:\/\/www.scheible.de\/wp-content\/uploads\/2020\/05\/jubilaeumskonzert-800x533.jpg 750w, https:\/\/www.scheible.de\/wp-content\/uploads\/2020\/05\/jubilaeumskonzert-1500x1000.jpg 1500w, https:\/\/www.scheible.de\/wp-content\/uploads\/2020\/05\/jubilaeumskonzert.jpg' alt='Reportagefotografie als Eventfotografie und Messefotografie: Bei einer Jubil\u00e4umsveranstaltung einer Universit\u00e4t spielt ein Mitglied des Universit\u00e4tsorchesters mit aufgeblasenen Backen auf der Tuba.' width='6000' height='4000' \/><\/figure><\/noscript>\n<div class='full-size-caption element-invisible fs-hide'>Bei einer Jubil\u00e4umsveranstaltung einer Universit\u00e4t spielt ein Mitglied des Universit\u00e4tsorchesters mit aufgeblasenen Backen auf der Tuba.<\/div><p class='thumb-caption element-invisible'>Jubil\u00e4umskonzert.<\/p>\n<\/div>\n<\/div>\n<div id='thumb-1-26' class='thumb layout-item gallery-thumb' data-instance='1' data-hash='drohne-firmenveranstaltung' data-bg='#93A2A8' data-brightness='dark'>\n<div class='thumb-inner'>\n<div class='thumb-bg' aria-hidden='true' style='background-color:#93A2A8; padding-bottom: calc(4000 \/ 6000 * 100%)'><\/div><figure><img src='data:image\/gif;base64,R0lGODlhAQABAIAAAP\/\/\/\/\/\/\/yH5BAEKAAEALAAAAAABAAEAAAICTAEAOw==' class='lazy' data-src='https:\/\/www.scheible.de\/wp-content\/uploads\/2020\/05\/drohne-firmenveranstaltung-800x533.jpg' data-srcset='https:\/\/www.scheible.de\/wp-content\/uploads\/2020\/05\/drohne-firmenveranstaltung-300x200.jpg 320w, https:\/\/www.scheible.de\/wp-content\/uploads\/2020\/05\/drohne-firmenveranstaltung-800x533.jpg 750w, https:\/\/www.scheible.de\/wp-content\/uploads\/2020\/05\/drohne-firmenveranstaltung-1500x1000.jpg' data-src-full='https:\/\/www.scheible.de\/wp-content\/uploads\/2020\/05\/drohne-firmenveranstaltung-300x200.jpg 320w, https:\/\/www.scheible.de\/wp-content\/uploads\/2020\/05\/drohne-firmenveranstaltung-800x533.jpg 750w, https:\/\/www.scheible.de\/wp-content\/uploads\/2020\/05\/drohne-firmenveranstaltung-1500x1000.jpg 1500w, https:\/\/www.scheible.de\/wp-content\/uploads\/2020\/05\/drohne-firmenveranstaltung-3000x2000.jpg' alt='Reportagefotografie als Eventfotografie und Messefotografie: Teilnehmer einer Firmenveranstaltung beobachten auf dem Dach der Eventlocation den Start der Vorf\u00fchrung einer professionellen Kameradrohne.' width='6000' height='4000' \/><\/figure><noscript><figure style='background-color:#93A2A8'><img src='https:\/\/www.scheible.de\/wp-content\/uploads\/2020\/05\/drohne-firmenveranstaltung-800x533.jpg' srcset='https:\/\/www.scheible.de\/wp-content\/uploads\/2020\/05\/drohne-firmenveranstaltung-300x200.jpg 320w, https:\/\/www.scheible.de\/wp-content\/uploads\/2020\/05\/drohne-firmenveranstaltung-800x533.jpg 750w, https:\/\/www.scheible.de\/wp-content\/uploads\/2020\/05\/drohne-firmenveranstaltung-1500x1000.jpg 1500w, https:\/\/www.scheible.de\/wp-content\/uploads\/2020\/05\/drohne-firmenveranstaltung.jpg' alt='Reportagefotografie als Eventfotografie und Messefotografie: Teilnehmer einer Firmenveranstaltung beobachten auf dem Dach der Eventlocation den Start der Vorf\u00fchrung einer professionellen Kameradrohne.' width='6000' height='4000' \/><\/figure><\/noscript>\n<div class='full-size-caption element-invisible fs-hide'>Teilnehmer einer Firmenveranstaltung beobachten den Start der Vorf\u00fchrung einer professionellen Kameradrohne.<\/div><p class='thumb-caption element-invisible'>Teilnehmer einer Firmenveranstaltung beobachten eine Kameradrohne.<\/p>\n<\/div>\n<\/div>\n<div id='thumb-1-27' class='thumb layout-item gallery-thumb' data-instance='1' data-hash='messestand-von-wuerth-auf-der-logimat-in-stuttgart' data-bg='#857A79' data-brightness='bright'>\n<div class='thumb-inner'>\n<div class='thumb-bg' aria-hidden='true' style='background-color:#857A79; padding-bottom: calc(5304 \/ 7952 * 100%)'><\/div><figure><img src='data:image\/gif;base64,R0lGODlhAQABAIAAAP\/\/\/\/\/\/\/yH5BAEKAAEALAAAAAABAAEAAAICTAEAOw==' class='lazy' data-src='https:\/\/www.scheible.de\/wp-content\/uploads\/2020\/05\/messestand-wuerth-800x534.jpg' data-srcset='https:\/\/www.scheible.de\/wp-content\/uploads\/2020\/05\/messestand-wuerth-300x200.jpg 320w, https:\/\/www.scheible.de\/wp-content\/uploads\/2020\/05\/messestand-wuerth-800x534.jpg 750w, https:\/\/www.scheible.de\/wp-content\/uploads\/2020\/05\/messestand-wuerth-1500x1001.jpg' data-src-full='https:\/\/www.scheible.de\/wp-content\/uploads\/2020\/05\/messestand-wuerth-300x200.jpg 320w, https:\/\/www.scheible.de\/wp-content\/uploads\/2020\/05\/messestand-wuerth-800x534.jpg 750w, https:\/\/www.scheible.de\/wp-content\/uploads\/2020\/05\/messestand-wuerth-1500x1001.jpg 1500w, https:\/\/www.scheible.de\/wp-content\/uploads\/2020\/05\/messestand-wuerth-3000x2001.jpg' alt='Eventfotografie, Veranstaltungsfotografie Reportagefotografie: Eventfotografie, Messefotografie Reportagefotografie: Messestand der Firma W\u00fcrth Industrie Service GmbH &amp' width='7952' height='5304' \/><\/figure><noscript><figure style='background-color:#857A79'><img src='https:\/\/www.scheible.de\/wp-content\/uploads\/2020\/05\/messestand-wuerth-800x534.jpg' srcset='https:\/\/www.scheible.de\/wp-content\/uploads\/2020\/05\/messestand-wuerth-300x200.jpg 320w, https:\/\/www.scheible.de\/wp-content\/uploads\/2020\/05\/messestand-wuerth-800x534.jpg 750w, https:\/\/www.scheible.de\/wp-content\/uploads\/2020\/05\/messestand-wuerth-1500x1001.jpg 1500w, https:\/\/www.scheible.de\/wp-content\/uploads\/2020\/05\/messestand-wuerth.jpg' alt='Eventfotografie, Veranstaltungsfotografie Reportagefotografie: Eventfotografie, Messefotografie Reportagefotografie: Messestand der Firma W\u00fcrth Industrie Service GmbH &amp' width='7952' height='5304' \/><\/figure><\/noscript>\n<p class='thumb-caption element-invisible'>Messestand von W\u00fcrth auf der Logimat in Stuttgart.<\/p>\n<\/div>\n<\/div>\n<div id='thumb-1-28' class='thumb layout-item gallery-thumb' data-instance='1' data-hash='science-slam-zuschauer' data-bg='#938484' data-brightness='dark'>\n<div class='thumb-inner'>\n<div class='thumb-bg' aria-hidden='true' style='background-color:#938484; padding-bottom: calc(4000 \/ 6000 * 100%)'><\/div><figure><img src='data:image\/gif;base64,R0lGODlhAQABAIAAAP\/\/\/\/\/\/\/yH5BAEKAAEALAAAAAABAAEAAAICTAEAOw==' class='lazy' data-src='https:\/\/www.scheible.de\/wp-content\/uploads\/2020\/05\/science-slam-zuschauer-800x533.jpg' data-srcset='https:\/\/www.scheible.de\/wp-content\/uploads\/2020\/05\/science-slam-zuschauer-300x200.jpg 320w, https:\/\/www.scheible.de\/wp-content\/uploads\/2020\/05\/science-slam-zuschauer-800x533.jpg 750w, https:\/\/www.scheible.de\/wp-content\/uploads\/2020\/05\/science-slam-zuschauer-1500x1000.jpg' data-src-full='https:\/\/www.scheible.de\/wp-content\/uploads\/2020\/05\/science-slam-zuschauer-300x200.jpg 320w, https:\/\/www.scheible.de\/wp-content\/uploads\/2020\/05\/science-slam-zuschauer-800x533.jpg 750w, https:\/\/www.scheible.de\/wp-content\/uploads\/2020\/05\/science-slam-zuschauer-1500x1000.jpg 1500w, https:\/\/www.scheible.de\/wp-content\/uploads\/2020\/05\/science-slam-zuschauer-3000x2000.jpg' alt='Reportagefotografie als Eventfotografie und Messefotografie: Zuschauer erfreuen sich bei einem Science Slam am Tag der Offenen T\u00fcr eines Forschungsinstituts.' width='6000' height='4000' \/><\/figure><noscript><figure style='background-color:#938484'><img src='https:\/\/www.scheible.de\/wp-content\/uploads\/2020\/05\/science-slam-zuschauer-800x533.jpg' srcset='https:\/\/www.scheible.de\/wp-content\/uploads\/2020\/05\/science-slam-zuschauer-300x200.jpg 320w, https:\/\/www.scheible.de\/wp-content\/uploads\/2020\/05\/science-slam-zuschauer-800x533.jpg 750w, https:\/\/www.scheible.de\/wp-content\/uploads\/2020\/05\/science-slam-zuschauer-1500x1000.jpg 1500w, https:\/\/www.scheible.de\/wp-content\/uploads\/2020\/05\/science-slam-zuschauer.jpg' alt='Reportagefotografie als Eventfotografie und Messefotografie: Zuschauer erfreuen sich bei einem Science Slam am Tag der Offenen T\u00fcr eines Forschungsinstituts.' width='6000' height='4000' \/><\/figure><\/noscript>\n<div class='full-size-caption element-invisible fs-hide'>Zuschauer bei einem Science Slam am Tag der Offenen T\u00fcr eines Forschungsinstituts.<\/div><p class='thumb-caption element-invisible'>Zuschauer bei einem Science Slam.<\/p>\n<\/div>\n<\/div>\n<div id='thumb-1-29' class='thumb layout-item gallery-thumb' data-instance='1' data-hash='bundespraesident-steinmeier-lapp-kabel' data-bg='#B8A9A1' data-brightness='dark'>\n<div class='thumb-inner'>\n<div class='thumb-bg' aria-hidden='true' style='background-color:#B8A9A1; padding-bottom: calc(5547 \/ 3698 * 100%)'><\/div><figure><img src='data:image\/gif;base64,R0lGODlhAQABAIAAAP\/\/\/\/\/\/\/yH5BAEKAAEALAAAAAABAAEAAAICTAEAOw==' class='lazy' data-src='https:\/\/www.scheible.de\/wp-content\/uploads\/2020\/05\/bundespraesident-steinmeier-lapp-kabel-533x800.jpg' data-srcset='https:\/\/www.scheible.de\/wp-content\/uploads\/2020\/05\/bundespraesident-steinmeier-lapp-kabel-200x300.jpg 320w, https:\/\/www.scheible.de\/wp-content\/uploads\/2020\/05\/bundespraesident-steinmeier-lapp-kabel-533x800.jpg 750w, https:\/\/www.scheible.de\/wp-content\/uploads\/2020\/05\/bundespraesident-steinmeier-lapp-kabel-1000x1500.jpg' data-src-full='https:\/\/www.scheible.de\/wp-content\/uploads\/2020\/05\/bundespraesident-steinmeier-lapp-kabel-200x300.jpg 320w, https:\/\/www.scheible.de\/wp-content\/uploads\/2020\/05\/bundespraesident-steinmeier-lapp-kabel-533x800.jpg 750w, https:\/\/www.scheible.de\/wp-content\/uploads\/2020\/05\/bundespraesident-steinmeier-lapp-kabel-1000x1500.jpg 1500w, https:\/\/www.scheible.de\/wp-content\/uploads\/2020\/05\/bundespraesident-steinmeier-lapp-kabel-2000x3000.jpg' alt='Eventfotografie, Reportagefotografie: Besuch des Bundespr\u00e4sidenten Frank-Walter Steinmeier der Firma Lapp Kabel in Stuttgart. Bei der Unterhaltung mit einem der Auszubildenden lacht der Bundespr\u00e4sident.' width='3698' height='5547' \/><\/figure><noscript><figure style='background-color:#B8A9A1'><img src='https:\/\/www.scheible.de\/wp-content\/uploads\/2020\/05\/bundespraesident-steinmeier-lapp-kabel-533x800.jpg' srcset='https:\/\/www.scheible.de\/wp-content\/uploads\/2020\/05\/bundespraesident-steinmeier-lapp-kabel-200x300.jpg 320w, https:\/\/www.scheible.de\/wp-content\/uploads\/2020\/05\/bundespraesident-steinmeier-lapp-kabel-533x800.jpg 750w, https:\/\/www.scheible.de\/wp-content\/uploads\/2020\/05\/bundespraesident-steinmeier-lapp-kabel-1000x1500.jpg 1500w, https:\/\/www.scheible.de\/wp-content\/uploads\/2020\/05\/bundespraesident-steinmeier-lapp-kabel.jpg' alt='Eventfotografie, Reportagefotografie: Besuch des Bundespr\u00e4sidenten Frank-Walter Steinmeier der Firma Lapp Kabel in Stuttgart. Bei der Unterhaltung mit einem der Auszubildenden lacht der Bundespr\u00e4sident.' width='3698' height='5547' \/><\/figure><\/noscript>\n<div class='full-size-caption element-invisible fs-hide'>Bundespr\u00e4sidenten Frank-Walter Steinmeier lacht w\u00e4hrend der Unterhaltung mit einem der Auszubildenden der Firma Lapp Kabel in Stuttgart.<\/div><p class='thumb-caption element-invisible'>Besuch des Bundespr\u00e4sidenten Frank-Walter Steinmeier bei Lapp Kabel.<\/p>\n<\/div>\n<\/div>\n<div id='thumb-1-30' class='thumb layout-item gallery-thumb' data-instance='1' data-hash='merck-merkel' data-bg='#2D2C3F' data-brightness='bright'>\n<div class='thumb-inner'>\n<div class='thumb-bg' aria-hidden='true' style='background-color:#2D2C3F; padding-bottom: calc(3626 \/ 5439 * 100%)'><\/div><figure><img src='data:image\/gif;base64,R0lGODlhAQABAIAAAP\/\/\/\/\/\/\/yH5BAEKAAEALAAAAAABAAEAAAICTAEAOw==' class='lazy' data-src='https:\/\/www.scheible.de\/wp-content\/uploads\/2020\/05\/merck-merkel-800x533.jpg' data-srcset='https:\/\/www.scheible.de\/wp-content\/uploads\/2020\/05\/merck-merkel-300x200.jpg 320w, https:\/\/www.scheible.de\/wp-content\/uploads\/2020\/05\/merck-merkel-800x533.jpg 750w, https:\/\/www.scheible.de\/wp-content\/uploads\/2020\/05\/merck-merkel-1500x1000.jpg' data-src-full='https:\/\/www.scheible.de\/wp-content\/uploads\/2020\/05\/merck-merkel-300x200.jpg 320w, https:\/\/www.scheible.de\/wp-content\/uploads\/2020\/05\/merck-merkel-800x533.jpg 750w, https:\/\/www.scheible.de\/wp-content\/uploads\/2020\/05\/merck-merkel-1500x1000.jpg 1500w, https:\/\/www.scheible.de\/wp-content\/uploads\/2020\/05\/merck-merkel-3000x2000.jpg' alt='Bundeskanzlerin Angela Merkel auf der Feier zum 350j\u00e4hrigen Jubil\u00e4um der Firma Merck in Darmstadt. Reportagefotografie als Eventfotografie und Messefotografie: Beim Festakt zum 350 j\u00e4hrigen Jubil\u00e4um der Firma Merck in Darmstadt geht Bundeskanzlerin Angela Merkel zum Rednerpult um Ihre Festansprache zu halten. In der Hand ein Buchdeckel mit dem Manuskript. Im Hintergrund eine Kamera zur Live\u00fcbertragung.' width='5439' height='3626' \/><\/figure><noscript><figure style='background-color:#2D2C3F'><img src='https:\/\/www.scheible.de\/wp-content\/uploads\/2020\/05\/merck-merkel-800x533.jpg' srcset='https:\/\/www.scheible.de\/wp-content\/uploads\/2020\/05\/merck-merkel-300x200.jpg 320w, https:\/\/www.scheible.de\/wp-content\/uploads\/2020\/05\/merck-merkel-800x533.jpg 750w, https:\/\/www.scheible.de\/wp-content\/uploads\/2020\/05\/merck-merkel-1500x1000.jpg 1500w, https:\/\/www.scheible.de\/wp-content\/uploads\/2020\/05\/merck-merkel.jpg' alt='Bundeskanzlerin Angela Merkel auf der Feier zum 350j\u00e4hrigen Jubil\u00e4um der Firma Merck in Darmstadt. Reportagefotografie als Eventfotografie und Messefotografie: Beim Festakt zum 350 j\u00e4hrigen Jubil\u00e4um der Firma Merck in Darmstadt geht Bundeskanzlerin Angela Merkel zum Rednerpult um Ihre Festansprache zu halten. In der Hand ein Buchdeckel mit dem Manuskript. Im Hintergrund eine Kamera zur Live\u00fcbertragung.' width='5439' height='3626' \/><\/figure><\/noscript>\n<div class='full-size-caption element-invisible fs-hide'>Beim Festakt zum 350 j\u00e4hrigen Jubil\u00e4um der Firma Merck in Darmstadt geht Bundeskanzlerin Angela Merkel zum Rednerpult um Ihre Festansprache zu halten.<\/div><p class='thumb-caption element-invisible'>Bundeskanzlerin Angela Merkel beim Festakt zum 350 j\u00e4hrigen Jubil\u00e4um der Firma Merck.<\/p>\n<\/div>\n<\/div>\n<div id='thumb-1-31' class='thumb layout-item gallery-thumb' data-instance='1' data-hash='asiatische-studierende-kochen' data-bg='#727370' data-brightness='bright'>\n<div class='thumb-inner'>\n<div class='thumb-bg' aria-hidden='true' style='background-color:#727370; padding-bottom: calc(3709 \/ 5564 * 100%)'><\/div><figure><img src='data:image\/gif;base64,R0lGODlhAQABAIAAAP\/\/\/\/\/\/\/yH5BAEKAAEALAAAAAABAAEAAAICTAEAOw==' class='lazy' data-src='https:\/\/www.scheible.de\/wp-content\/uploads\/2020\/05\/asiatische-studierende-kochen-800x533.jpg' data-srcset='https:\/\/www.scheible.de\/wp-content\/uploads\/2020\/05\/asiatische-studierende-kochen-300x200.jpg 320w, https:\/\/www.scheible.de\/wp-content\/uploads\/2020\/05\/asiatische-studierende-kochen-800x533.jpg 750w, https:\/\/www.scheible.de\/wp-content\/uploads\/2020\/05\/asiatische-studierende-kochen-1500x1000.jpg' data-src-full='https:\/\/www.scheible.de\/wp-content\/uploads\/2020\/05\/asiatische-studierende-kochen-300x200.jpg 320w, https:\/\/www.scheible.de\/wp-content\/uploads\/2020\/05\/asiatische-studierende-kochen-800x533.jpg 750w, https:\/\/www.scheible.de\/wp-content\/uploads\/2020\/05\/asiatische-studierende-kochen-1500x1000.jpg 1500w, https:\/\/www.scheible.de\/wp-content\/uploads\/2020\/05\/asiatische-studierende-kochen-3000x2000.jpg' alt='Reportagefotografie als Eventfotografie und Messefotografie: Asiatische Studierende freuen sich auf einem Universit\u00e4tsfest beim Kochen von Spezialit\u00e4ten aus ihrer Heimat.' width='5564' height='3709' \/><\/figure><noscript><figure style='background-color:#727370'><img src='https:\/\/www.scheible.de\/wp-content\/uploads\/2020\/05\/asiatische-studierende-kochen-800x533.jpg' srcset='https:\/\/www.scheible.de\/wp-content\/uploads\/2020\/05\/asiatische-studierende-kochen-300x200.jpg 320w, https:\/\/www.scheible.de\/wp-content\/uploads\/2020\/05\/asiatische-studierende-kochen-800x533.jpg 750w, https:\/\/www.scheible.de\/wp-content\/uploads\/2020\/05\/asiatische-studierende-kochen-1500x1000.jpg 1500w, https:\/\/www.scheible.de\/wp-content\/uploads\/2020\/05\/asiatische-studierende-kochen.jpg' alt='Reportagefotografie als Eventfotografie und Messefotografie: Asiatische Studierende freuen sich auf einem Universit\u00e4tsfest beim Kochen von Spezialit\u00e4ten aus ihrer Heimat.' width='5564' height='3709' \/><\/figure><\/noscript>\n<div class='full-size-caption element-invisible fs-hide'> Asiatische Studierende kochen auf einem Universit\u00e4tsfest Spezialit\u00e4ten ihrer Heimat.<\/div><p class='thumb-caption element-invisible'> Asiatische Studierende kochen auf einem Universit\u00e4tsfest.<\/p>\n<\/div>\n<\/div>\n<div id='thumb-1-32' class='thumb layout-item gallery-thumb' data-instance='1' data-hash='hohenheim-multimedia-projektion' data-bg='#58515B' data-brightness='bright'>\n<div class='thumb-inner'>\n<div class='thumb-bg' aria-hidden='true' style='background-color:#58515B; padding-bottom: calc(5304 \/ 7952 * 100%)'><\/div><figure><img src='data:image\/gif;base64,R0lGODlhAQABAIAAAP\/\/\/\/\/\/\/yH5BAEKAAEALAAAAAABAAEAAAICTAEAOw==' class='lazy' data-src='https:\/\/www.scheible.de\/wp-content\/uploads\/2020\/05\/hohenheim-multimedia-projektion-800x534.jpg' data-srcset='https:\/\/www.scheible.de\/wp-content\/uploads\/2020\/05\/hohenheim-multimedia-projektion-300x200.jpg 320w, https:\/\/www.scheible.de\/wp-content\/uploads\/2020\/05\/hohenheim-multimedia-projektion-800x534.jpg 750w, https:\/\/www.scheible.de\/wp-content\/uploads\/2020\/05\/hohenheim-multimedia-projektion-1500x1001.jpg' data-src-full='https:\/\/www.scheible.de\/wp-content\/uploads\/2020\/05\/hohenheim-multimedia-projektion-300x200.jpg 320w, https:\/\/www.scheible.de\/wp-content\/uploads\/2020\/05\/hohenheim-multimedia-projektion-800x534.jpg 750w, https:\/\/www.scheible.de\/wp-content\/uploads\/2020\/05\/hohenheim-multimedia-projektion-1500x1001.jpg 1500w, https:\/\/www.scheible.de\/wp-content\/uploads\/2020\/05\/hohenheim-multimedia-projektion-3000x2001.jpg' alt='Reportagefotografie als Eventfotografie und Messefotografie: W\u00e4hrend des H\u00f6hepunktes der Festwoche zum 200j\u00e4hrigen Jubil\u00e4um der Universit\u00e4t Hohenheim in Stuttgart wird in der Abendd\u00e4mmerung eine Multimedia-Show auf die Fassade des Hohenheimer Schlosses projeziert, die die Geschichte der Universit\u00e4t illustriert.' width='7952' height='5304' \/><\/figure><noscript><figure style='background-color:#58515B'><img src='https:\/\/www.scheible.de\/wp-content\/uploads\/2020\/05\/hohenheim-multimedia-projektion-800x534.jpg' srcset='https:\/\/www.scheible.de\/wp-content\/uploads\/2020\/05\/hohenheim-multimedia-projektion-300x200.jpg 320w, https:\/\/www.scheible.de\/wp-content\/uploads\/2020\/05\/hohenheim-multimedia-projektion-800x534.jpg 750w, https:\/\/www.scheible.de\/wp-content\/uploads\/2020\/05\/hohenheim-multimedia-projektion-1500x1001.jpg 1500w, https:\/\/www.scheible.de\/wp-content\/uploads\/2020\/05\/hohenheim-multimedia-projektion.jpg' alt='Reportagefotografie als Eventfotografie und Messefotografie: W\u00e4hrend des H\u00f6hepunktes der Festwoche zum 200j\u00e4hrigen Jubil\u00e4um der Universit\u00e4t Hohenheim in Stuttgart wird in der Abendd\u00e4mmerung eine Multimedia-Show auf die Fassade des Hohenheimer Schlosses projeziert, die die Geschichte der Universit\u00e4t illustriert.' width='7952' height='5304' \/><\/figure><\/noscript>\n<div class='full-size-caption element-invisible fs-hide'>W\u00e4hrend des H\u00f6hepunktes der Festwoche zum 200j\u00e4hrigen Jubil\u00e4um der Universit\u00e4t Hohenheim in Stuttgart wird in der Abendd\u00e4mmerung eine Multimedia-Show auf die Fassade des Hohenheimer Schlosses projeziert,<\/div><p class='thumb-caption element-invisible'>Fest zum 200j\u00e4hrigen Jubil\u00e4um der Universit\u00e4t Hohenheim in Stuttgart.<\/p>\n<\/div>\n<\/div>\n<div id='thumb-1-33' class='thumb layout-item gallery-thumb' data-instance='1' data-hash='indian-summer-tanz' data-bg='#522D2B' data-brightness='bright'>\n<div class='thumb-inner'>\n<div class='thumb-bg' aria-hidden='true' style='background-color:#522D2B; padding-bottom: calc(4000 \/ 6000 * 100%)'><\/div><figure><img src='data:image\/gif;base64,R0lGODlhAQABAIAAAP\/\/\/\/\/\/\/yH5BAEKAAEALAAAAAABAAEAAAICTAEAOw==' class='lazy' data-src='https:\/\/www.scheible.de\/wp-content\/uploads\/2020\/05\/indian-summer-tanz-800x533.jpg' data-srcset='https:\/\/www.scheible.de\/wp-content\/uploads\/2020\/05\/indian-summer-tanz-300x200.jpg 320w, https:\/\/www.scheible.de\/wp-content\/uploads\/2020\/05\/indian-summer-tanz-800x533.jpg 750w, https:\/\/www.scheible.de\/wp-content\/uploads\/2020\/05\/indian-summer-tanz-1500x1000.jpg' data-src-full='https:\/\/www.scheible.de\/wp-content\/uploads\/2020\/05\/indian-summer-tanz-300x200.jpg 320w, https:\/\/www.scheible.de\/wp-content\/uploads\/2020\/05\/indian-summer-tanz-800x533.jpg 750w, https:\/\/www.scheible.de\/wp-content\/uploads\/2020\/05\/indian-summer-tanz-1500x1000.jpg 1500w, https:\/\/www.scheible.de\/wp-content\/uploads\/2020\/05\/indian-summer-tanz-3000x2000.jpg' alt='Reportagefotografie als Eventfotografie und Messefotografie: Vorf\u00fchrung einer Indischen Tanzgruppe auf der B\u00fchne w\u00e4hrend der Indischen Woche Indian Summer in Stuttgart.' width='6000' height='4000' \/><\/figure><noscript><figure style='background-color:#522D2B'><img src='https:\/\/www.scheible.de\/wp-content\/uploads\/2020\/05\/indian-summer-tanz-800x533.jpg' srcset='https:\/\/www.scheible.de\/wp-content\/uploads\/2020\/05\/indian-summer-tanz-300x200.jpg 320w, https:\/\/www.scheible.de\/wp-content\/uploads\/2020\/05\/indian-summer-tanz-800x533.jpg 750w, https:\/\/www.scheible.de\/wp-content\/uploads\/2020\/05\/indian-summer-tanz-1500x1000.jpg 1500w, https:\/\/www.scheible.de\/wp-content\/uploads\/2020\/05\/indian-summer-tanz.jpg' alt='Reportagefotografie als Eventfotografie und Messefotografie: Vorf\u00fchrung einer Indischen Tanzgruppe auf der B\u00fchne w\u00e4hrend der Indischen Woche Indian Summer in Stuttgart.' width='6000' height='4000' \/><\/figure><\/noscript>\n<div class='full-size-caption element-invisible fs-hide'>Vorf\u00fchrung einer Indischen Tanzgruppe auf der B\u00fchne w\u00e4hrend der Indischen Woche in Stuttgart.<\/div><p class='thumb-caption element-invisible'>Tanzgruppe w\u00e4hrend der Indischen Woche in Stuttgart.<\/p>\n<\/div>\n<\/div>\n<div id='thumb-1-34' class='thumb layout-item gallery-thumb' data-instance='1' data-hash='formula-student-germany-verbrenner-wartet' data-bg='#808486' data-brightness='dark'>\n<div class='thumb-inner'>\n<div class='thumb-bg' aria-hidden='true' style='background-color:#808486; padding-bottom: calc(4000 \/ 6000 * 100%)'><\/div><figure><img src='data:image\/gif;base64,R0lGODlhAQABAIAAAP\/\/\/\/\/\/\/yH5BAEKAAEALAAAAAABAAEAAAICTAEAOw==' class='lazy' data-src='https:\/\/www.scheible.de\/wp-content\/uploads\/2020\/05\/formula-student-germany-verbrenner-wartet-800x533.jpg' data-srcset='https:\/\/www.scheible.de\/wp-content\/uploads\/2020\/05\/formula-student-germany-verbrenner-wartet-300x200.jpg 320w, https:\/\/www.scheible.de\/wp-content\/uploads\/2020\/05\/formula-student-germany-verbrenner-wartet-800x533.jpg 750w, https:\/\/www.scheible.de\/wp-content\/uploads\/2020\/05\/formula-student-germany-verbrenner-wartet-1500x1000.jpg' data-src-full='https:\/\/www.scheible.de\/wp-content\/uploads\/2020\/05\/formula-student-germany-verbrenner-wartet-300x200.jpg 320w, https:\/\/www.scheible.de\/wp-content\/uploads\/2020\/05\/formula-student-germany-verbrenner-wartet-800x533.jpg 750w, https:\/\/www.scheible.de\/wp-content\/uploads\/2020\/05\/formula-student-germany-verbrenner-wartet-1500x1000.jpg 1500w, https:\/\/www.scheible.de\/wp-content\/uploads\/2020\/05\/formula-student-germany-verbrenner-wartet-3000x2000.jpg' alt='Reportagefotografie: Formula Student Germany: Teammitglieder aller Teams schauen von der Zuschauerseite aus auf die im Rennen fahrenden Wagen. Vorne wartet ein Verbrennerrennwagen auf seinen Start.' width='6000' height='4000' \/><\/figure><noscript><figure style='background-color:#808486'><img src='https:\/\/www.scheible.de\/wp-content\/uploads\/2020\/05\/formula-student-germany-verbrenner-wartet-800x533.jpg' srcset='https:\/\/www.scheible.de\/wp-content\/uploads\/2020\/05\/formula-student-germany-verbrenner-wartet-300x200.jpg 320w, https:\/\/www.scheible.de\/wp-content\/uploads\/2020\/05\/formula-student-germany-verbrenner-wartet-800x533.jpg 750w, https:\/\/www.scheible.de\/wp-content\/uploads\/2020\/05\/formula-student-germany-verbrenner-wartet-1500x1000.jpg 1500w, https:\/\/www.scheible.de\/wp-content\/uploads\/2020\/05\/formula-student-germany-verbrenner-wartet.jpg' alt='Reportagefotografie: Formula Student Germany: Teammitglieder aller Teams schauen von der Zuschauerseite aus auf die im Rennen fahrenden Wagen. Vorne wartet ein Verbrennerrennwagen auf seinen Start.' width='6000' height='4000' \/><\/figure><\/noscript>\n<div class='full-size-caption element-invisible fs-hide'>Teammitglieder aller Teams schauen von der Zuschauerseite aus auf die im Rennen fahrenden Wagen.<\/div><p class='thumb-caption element-invisible'>Ein Verbrennerrennwagen wartet auf seinen Start.<\/p>\n<\/div>\n<\/div>\n<div id='thumb-1-35' class='thumb layout-item gallery-thumb' data-instance='1' data-hash='formula-student-germany-start-beschleunigungsmessung' data-bg='#7A776A' data-brightness='bright'>\n<div class='thumb-inner'>\n<div class='thumb-bg' aria-hidden='true' style='background-color:#7A776A; padding-bottom: calc(4000 \/ 6000 * 100%)'><\/div><figure><img src='data:image\/gif;base64,R0lGODlhAQABAIAAAP\/\/\/\/\/\/\/yH5BAEKAAEALAAAAAABAAEAAAICTAEAOw==' class='lazy' data-src='https:\/\/www.scheible.de\/wp-content\/uploads\/2020\/05\/formula-student-germany-start-beschleunigungsmessung-800x533.jpg' data-srcset='https:\/\/www.scheible.de\/wp-content\/uploads\/2020\/05\/formula-student-germany-start-beschleunigungsmessung-300x200.jpg 320w, https:\/\/www.scheible.de\/wp-content\/uploads\/2020\/05\/formula-student-germany-start-beschleunigungsmessung-800x533.jpg 750w, https:\/\/www.scheible.de\/wp-content\/uploads\/2020\/05\/formula-student-germany-start-beschleunigungsmessung-1500x1000.jpg' data-src-full='https:\/\/www.scheible.de\/wp-content\/uploads\/2020\/05\/formula-student-germany-start-beschleunigungsmessung-300x200.jpg 320w, https:\/\/www.scheible.de\/wp-content\/uploads\/2020\/05\/formula-student-germany-start-beschleunigungsmessung-800x533.jpg 750w, https:\/\/www.scheible.de\/wp-content\/uploads\/2020\/05\/formula-student-germany-start-beschleunigungsmessung-1500x1000.jpg 1500w, https:\/\/www.scheible.de\/wp-content\/uploads\/2020\/05\/formula-student-germany-start-beschleunigungsmessung-3000x2000.jpg' alt='Reportagefotografie: Formula Student Germany: An der Rennstrecke zur Beschleuningsmessung startet ein Rennwagen seinen Lauf. Zuschauer sind im Vordergrund und eine Seilkamera soll sein Rennen begleiten.' width='6000' height='4000' \/><\/figure><noscript><figure style='background-color:#7A776A'><img src='https:\/\/www.scheible.de\/wp-content\/uploads\/2020\/05\/formula-student-germany-start-beschleunigungsmessung-800x533.jpg' srcset='https:\/\/www.scheible.de\/wp-content\/uploads\/2020\/05\/formula-student-germany-start-beschleunigungsmessung-300x200.jpg 320w, https:\/\/www.scheible.de\/wp-content\/uploads\/2020\/05\/formula-student-germany-start-beschleunigungsmessung-800x533.jpg 750w, https:\/\/www.scheible.de\/wp-content\/uploads\/2020\/05\/formula-student-germany-start-beschleunigungsmessung-1500x1000.jpg 1500w, https:\/\/www.scheible.de\/wp-content\/uploads\/2020\/05\/formula-student-germany-start-beschleunigungsmessung.jpg' alt='Reportagefotografie: Formula Student Germany: An der Rennstrecke zur Beschleuningsmessung startet ein Rennwagen seinen Lauf. Zuschauer sind im Vordergrund und eine Seilkamera soll sein Rennen begleiten.' width='6000' height='4000' \/><\/figure><\/noscript>\n<div class='full-size-caption element-invisible fs-hide'>An der Rennstrecke zur Beschleuningsmessung startet ein Rennwagen seinen Lauf. Zuschauer sind im Vordergrund.<\/div><p class='thumb-caption element-invisible'> An der Rennstrecke zur Beschleuningsmessung startet ein Rennwagen seinen Lauf.<\/p>\n<\/div>\n<\/div>\n<div id='thumb-1-36' class='thumb layout-item gallery-thumb' data-instance='1' data-hash='formula-student-germany-zuschauer' data-bg='#A4918B' data-brightness='dark'>\n<div class='thumb-inner'>\n<div class='thumb-bg' aria-hidden='true' style='background-color:#A4918B; padding-bottom: calc(4000 \/ 6000 * 100%)'><\/div><figure><img src='data:image\/gif;base64,R0lGODlhAQABAIAAAP\/\/\/\/\/\/\/yH5BAEKAAEALAAAAAABAAEAAAICTAEAOw==' class='lazy' data-src='https:\/\/www.scheible.de\/wp-content\/uploads\/2020\/05\/formula-student-germany-zuschauer-800x533.jpg' data-srcset='https:\/\/www.scheible.de\/wp-content\/uploads\/2020\/05\/formula-student-germany-zuschauer-300x200.jpg 320w, https:\/\/www.scheible.de\/wp-content\/uploads\/2020\/05\/formula-student-germany-zuschauer-800x533.jpg 750w, https:\/\/www.scheible.de\/wp-content\/uploads\/2020\/05\/formula-student-germany-zuschauer-1500x1000.jpg' data-src-full='https:\/\/www.scheible.de\/wp-content\/uploads\/2020\/05\/formula-student-germany-zuschauer-300x200.jpg 320w, https:\/\/www.scheible.de\/wp-content\/uploads\/2020\/05\/formula-student-germany-zuschauer-800x533.jpg 750w, https:\/\/www.scheible.de\/wp-content\/uploads\/2020\/05\/formula-student-germany-zuschauer-1500x1000.jpg 1500w, https:\/\/www.scheible.de\/wp-content\/uploads\/2020\/05\/formula-student-germany-zuschauer-3000x2000.jpg' alt='Reportagefotografie: Formula Student Germany: Die meisten Teammitglieder sind M\u00e4nner. Trotzdem sind auch einige Frauen unter den Zuschauern. Viele stehen auf B\u00e4nken, um besser zu sehen.' width='6000' height='4000' \/><\/figure><noscript><figure style='background-color:#A4918B'><img src='https:\/\/www.scheible.de\/wp-content\/uploads\/2020\/05\/formula-student-germany-zuschauer-800x533.jpg' srcset='https:\/\/www.scheible.de\/wp-content\/uploads\/2020\/05\/formula-student-germany-zuschauer-300x200.jpg 320w, https:\/\/www.scheible.de\/wp-content\/uploads\/2020\/05\/formula-student-germany-zuschauer-800x533.jpg 750w, https:\/\/www.scheible.de\/wp-content\/uploads\/2020\/05\/formula-student-germany-zuschauer-1500x1000.jpg 1500w, https:\/\/www.scheible.de\/wp-content\/uploads\/2020\/05\/formula-student-germany-zuschauer.jpg' alt='Reportagefotografie: Formula Student Germany: Die meisten Teammitglieder sind M\u00e4nner. Trotzdem sind auch einige Frauen unter den Zuschauern. Viele stehen auf B\u00e4nken, um besser zu sehen.' width='6000' height='4000' \/><\/figure><\/noscript>\n<div class='full-size-caption element-invisible fs-hide'>Die meisten Teammitglieder sind M\u00e4nner. Trotzdem sind auch einige Frauen unter den Zuschauern.<\/div><p class='thumb-caption element-invisible'>Die meisten der hier zuschauenden Teammitglieder sind M\u00e4nner.<\/p>\n<\/div>\n<\/div>\n<div id='thumb-1-37' class='thumb layout-item gallery-thumb' data-instance='1' data-hash='fassanstich-abendveranstaltung' data-bg='#8F7D72' data-brightness='bright'>\n<div class='thumb-inner'>\n<div class='thumb-bg' aria-hidden='true' style='background-color:#8F7D72; padding-bottom: calc(4000 \/ 6000 * 100%)'><\/div><figure><img src='data:image\/gif;base64,R0lGODlhAQABAIAAAP\/\/\/\/\/\/\/yH5BAEKAAEALAAAAAABAAEAAAICTAEAOw==' class='lazy' data-src='https:\/\/www.scheible.de\/wp-content\/uploads\/2020\/05\/fassanstich-abendveranstaltung-800x533.jpg' data-srcset='https:\/\/www.scheible.de\/wp-content\/uploads\/2020\/05\/fassanstich-abendveranstaltung-300x200.jpg 320w, https:\/\/www.scheible.de\/wp-content\/uploads\/2020\/05\/fassanstich-abendveranstaltung-800x533.jpg 750w, https:\/\/www.scheible.de\/wp-content\/uploads\/2020\/05\/fassanstich-abendveranstaltung-1500x1000.jpg' data-src-full='https:\/\/www.scheible.de\/wp-content\/uploads\/2020\/05\/fassanstich-abendveranstaltung-300x200.jpg 320w, https:\/\/www.scheible.de\/wp-content\/uploads\/2020\/05\/fassanstich-abendveranstaltung-800x533.jpg 750w, https:\/\/www.scheible.de\/wp-content\/uploads\/2020\/05\/fassanstich-abendveranstaltung-1500x1000.jpg 1500w, https:\/\/www.scheible.de\/wp-content\/uploads\/2020\/05\/fassanstich-abendveranstaltung-3000x2000.jpg' alt='Reportagefotografie als Eventfotografie und Messefotografie: Fassanstich am Abend einer wissenschaftlichen Konferenz. Im Moment des ersten Schlages auf den Zapfhahn spritzt der Schaum aus dem Loch.' width='6000' height='4000' \/><\/figure><noscript><figure style='background-color:#8F7D72'><img src='https:\/\/www.scheible.de\/wp-content\/uploads\/2020\/05\/fassanstich-abendveranstaltung-800x533.jpg' srcset='https:\/\/www.scheible.de\/wp-content\/uploads\/2020\/05\/fassanstich-abendveranstaltung-300x200.jpg 320w, https:\/\/www.scheible.de\/wp-content\/uploads\/2020\/05\/fassanstich-abendveranstaltung-800x533.jpg 750w, https:\/\/www.scheible.de\/wp-content\/uploads\/2020\/05\/fassanstich-abendveranstaltung-1500x1000.jpg 1500w, https:\/\/www.scheible.de\/wp-content\/uploads\/2020\/05\/fassanstich-abendveranstaltung.jpg' alt='Reportagefotografie als Eventfotografie und Messefotografie: Fassanstich am Abend einer wissenschaftlichen Konferenz. Im Moment des ersten Schlages auf den Zapfhahn spritzt der Schaum aus dem Loch.' width='6000' height='4000' \/><\/figure><\/noscript>\n<div class='full-size-caption element-invisible fs-hide'>Spritzender Fassanstich am Abend einer wissenschaftlichen Konferenz.<\/div><p class='thumb-caption element-invisible'>Fassanstich am Abend einer wissenschaftlichen Konferenz.<\/p>\n<\/div>\n<\/div>\n<div id='thumb-1-38' class='thumb layout-item gallery-thumb' data-instance='1' data-hash='konferenzabend-tanzen' data-bg='#817674' data-brightness='bright'>\n<div class='thumb-inner'>\n<div class='thumb-bg' aria-hidden='true' style='background-color:#817674; padding-bottom: calc(5304 \/ 7952 * 100%)'><\/div><figure><img src='data:image\/gif;base64,R0lGODlhAQABAIAAAP\/\/\/\/\/\/\/yH5BAEKAAEALAAAAAABAAEAAAICTAEAOw==' class='lazy' data-src='https:\/\/www.scheible.de\/wp-content\/uploads\/2020\/05\/konferenzabend-tanzen-800x534.jpg' data-srcset='https:\/\/www.scheible.de\/wp-content\/uploads\/2020\/05\/konferenzabend-tanzen-300x200.jpg 320w, https:\/\/www.scheible.de\/wp-content\/uploads\/2020\/05\/konferenzabend-tanzen-800x534.jpg 750w, https:\/\/www.scheible.de\/wp-content\/uploads\/2020\/05\/konferenzabend-tanzen-1500x1001.jpg' data-src-full='https:\/\/www.scheible.de\/wp-content\/uploads\/2020\/05\/konferenzabend-tanzen-300x200.jpg 320w, https:\/\/www.scheible.de\/wp-content\/uploads\/2020\/05\/konferenzabend-tanzen-800x534.jpg 750w, https:\/\/www.scheible.de\/wp-content\/uploads\/2020\/05\/konferenzabend-tanzen-1500x1001.jpg 1500w, https:\/\/www.scheible.de\/wp-content\/uploads\/2020\/05\/konferenzabend-tanzen-3000x2001.jpg' alt='Reportagefotografie als Eventfotografie und Messefotografie: Am Abend einer mehrt\u00e4gigen Konferenz tanzen Teilnehmerinnen ausgelassen an der B\u00fchne zu der Musik einer Band.' width='7952' height='5304' \/><\/figure><noscript><figure style='background-color:#817674'><img src='https:\/\/www.scheible.de\/wp-content\/uploads\/2020\/05\/konferenzabend-tanzen-800x534.jpg' srcset='https:\/\/www.scheible.de\/wp-content\/uploads\/2020\/05\/konferenzabend-tanzen-300x200.jpg 320w, https:\/\/www.scheible.de\/wp-content\/uploads\/2020\/05\/konferenzabend-tanzen-800x534.jpg 750w, https:\/\/www.scheible.de\/wp-content\/uploads\/2020\/05\/konferenzabend-tanzen-1500x1001.jpg 1500w, https:\/\/www.scheible.de\/wp-content\/uploads\/2020\/05\/konferenzabend-tanzen.jpg' alt='Reportagefotografie als Eventfotografie und Messefotografie: Am Abend einer mehrt\u00e4gigen Konferenz tanzen Teilnehmerinnen ausgelassen an der B\u00fchne zu der Musik einer Band.' width='7952' height='5304' \/><\/figure><\/noscript>\n<div class='full-size-caption element-invisible fs-hide'>Am Abend einer mehrt\u00e4gigen Konferenz tanzen Teilnehmerinnen ausgelassen an der B\u00fchne.<\/div><p class='thumb-caption element-invisible'>Am Abend einer Konferenz tanzen Teilnehmerinnen ausgelassen.<\/p>\n<\/div>\n<\/div>\n<div id='thumb-1-39' class='thumb layout-item gallery-thumb' data-instance='1' data-hash='firmenevent-e-bike' data-bg='#6A4B3F' data-brightness='bright'>\n<div class='thumb-inner'>\n<div class='thumb-bg' aria-hidden='true' style='background-color:#6A4B3F; padding-bottom: calc(4000 \/ 6000 * 100%)'><\/div><figure><img src='data:image\/gif;base64,R0lGODlhAQABAIAAAP\/\/\/\/\/\/\/yH5BAEKAAEALAAAAAABAAEAAAICTAEAOw==' class='lazy' data-src='https:\/\/www.scheible.de\/wp-content\/uploads\/2020\/05\/firmenevent-e-bike-800x533.jpg' data-srcset='https:\/\/www.scheible.de\/wp-content\/uploads\/2020\/05\/firmenevent-e-bike-300x200.jpg 320w, https:\/\/www.scheible.de\/wp-content\/uploads\/2020\/05\/firmenevent-e-bike-800x533.jpg 750w, https:\/\/www.scheible.de\/wp-content\/uploads\/2020\/05\/firmenevent-e-bike-1500x1000.jpg' data-src-full='https:\/\/www.scheible.de\/wp-content\/uploads\/2020\/05\/firmenevent-e-bike-300x200.jpg 320w, https:\/\/www.scheible.de\/wp-content\/uploads\/2020\/05\/firmenevent-e-bike-800x533.jpg 750w, https:\/\/www.scheible.de\/wp-content\/uploads\/2020\/05\/firmenevent-e-bike-1500x1000.jpg 1500w, https:\/\/www.scheible.de\/wp-content\/uploads\/2020\/05\/firmenevent-e-bike-3000x2000.jpg' alt='Reportagefotografie als Eventfotografie und Messefotografie: Bei einer Firmenveranstaltung f\u00e4hrt ein Mitarbeiter auf einem E-bike zur B\u00fchne. Das Foto wirkt durch Bewegungsunsch\u00e4rfe w\u00e4hrend der bewusst langen Verschlusszeit dynamisch.' width='6000' height='4000' \/><\/figure><noscript><figure style='background-color:#6A4B3F'><img src='https:\/\/www.scheible.de\/wp-content\/uploads\/2020\/05\/firmenevent-e-bike-800x533.jpg' srcset='https:\/\/www.scheible.de\/wp-content\/uploads\/2020\/05\/firmenevent-e-bike-300x200.jpg 320w, https:\/\/www.scheible.de\/wp-content\/uploads\/2020\/05\/firmenevent-e-bike-800x533.jpg 750w, https:\/\/www.scheible.de\/wp-content\/uploads\/2020\/05\/firmenevent-e-bike-1500x1000.jpg 1500w, https:\/\/www.scheible.de\/wp-content\/uploads\/2020\/05\/firmenevent-e-bike.jpg' alt='Reportagefotografie als Eventfotografie und Messefotografie: Bei einer Firmenveranstaltung f\u00e4hrt ein Mitarbeiter auf einem E-bike zur B\u00fchne. Das Foto wirkt durch Bewegungsunsch\u00e4rfe w\u00e4hrend der bewusst langen Verschlusszeit dynamisch.' width='6000' height='4000' \/><\/figure><\/noscript>\n<div class='full-size-caption element-invisible fs-hide'>Bei einer Firmenveranstaltung f\u00e4hrt ein Mitarbeiter auf einem E-bike zur B\u00fchne.<\/div><p class='thumb-caption element-invisible'>E-bike bei bei einer Firmenveranstaltung.<\/p>\n<\/div>\n<\/div>\n<div id='thumb-1-40' class='thumb layout-item gallery-thumb' data-instance='1' data-hash='abendevent-firmenveranstaltung' data-bg='#733C7F' data-brightness='bright'>\n<div class='thumb-inner'>\n<div class='thumb-bg' aria-hidden='true' style='background-color:#733C7F; padding-bottom: calc(4000 \/ 6000 * 100%)'><\/div><figure><img src='data:image\/gif;base64,R0lGODlhAQABAIAAAP\/\/\/\/\/\/\/yH5BAEKAAEALAAAAAABAAEAAAICTAEAOw==' class='lazy' data-src='https:\/\/www.scheible.de\/wp-content\/uploads\/2020\/05\/abendevent-firmenveranstaltung-800x533.jpg' data-srcset='https:\/\/www.scheible.de\/wp-content\/uploads\/2020\/05\/abendevent-firmenveranstaltung-300x200.jpg 320w, https:\/\/www.scheible.de\/wp-content\/uploads\/2020\/05\/abendevent-firmenveranstaltung-800x533.jpg 750w, https:\/\/www.scheible.de\/wp-content\/uploads\/2020\/05\/abendevent-firmenveranstaltung-1500x1000.jpg' data-src-full='https:\/\/www.scheible.de\/wp-content\/uploads\/2020\/05\/abendevent-firmenveranstaltung-300x200.jpg 320w, https:\/\/www.scheible.de\/wp-content\/uploads\/2020\/05\/abendevent-firmenveranstaltung-800x533.jpg 750w, https:\/\/www.scheible.de\/wp-content\/uploads\/2020\/05\/abendevent-firmenveranstaltung-1500x1000.jpg 1500w, https:\/\/www.scheible.de\/wp-content\/uploads\/2020\/05\/abendevent-firmenveranstaltung-3000x2000.jpg' alt='Reportagefotografie als Eventfotografie und Messefotografie: Beim Abendprogramm einer Firmenveranstaltung sitzen sich die Teilnehmer vor dem Dinner an langen Tischen gegen\u00fcber und reden angeregt. Der ehemalige Fabriksaal ist in blaues und rotes Licht getaucht. Andere Teilnehmer stehen mit ihren Kollegen lieber im Gang.' width='6000' height='4000' \/><\/figure><noscript><figure style='background-color:#733C7F'><img src='https:\/\/www.scheible.de\/wp-content\/uploads\/2020\/05\/abendevent-firmenveranstaltung-800x533.jpg' srcset='https:\/\/www.scheible.de\/wp-content\/uploads\/2020\/05\/abendevent-firmenveranstaltung-300x200.jpg 320w, https:\/\/www.scheible.de\/wp-content\/uploads\/2020\/05\/abendevent-firmenveranstaltung-800x533.jpg 750w, https:\/\/www.scheible.de\/wp-content\/uploads\/2020\/05\/abendevent-firmenveranstaltung-1500x1000.jpg 1500w, https:\/\/www.scheible.de\/wp-content\/uploads\/2020\/05\/abendevent-firmenveranstaltung.jpg' alt='Reportagefotografie als Eventfotografie und Messefotografie: Beim Abendprogramm einer Firmenveranstaltung sitzen sich die Teilnehmer vor dem Dinner an langen Tischen gegen\u00fcber und reden angeregt. Der ehemalige Fabriksaal ist in blaues und rotes Licht getaucht. Andere Teilnehmer stehen mit ihren Kollegen lieber im Gang.' width='6000' height='4000' \/><\/figure><\/noscript>\n<div class='full-size-caption element-invisible fs-hide'>Beim Abendprogramm einer Firmenveranstaltung sitzen sich die Teilnehmer vor dem Dinner an langen Tischen gegen\u00fcber und reden angeregt. Die ehemalige Fabriksaal ist in blaues und rotes Licht getaucht.<\/div><p class='thumb-caption element-invisible'>Abendevent einer Firmenveranstaltung in einem ehemaligen Fabriksaal.<\/p>\n<\/div>\n<\/div>\n<div id='thumb-1-41' class='thumb layout-item gallery-thumb' data-instance='1' data-hash='akrobatin-firmenevent' data-bg='#5E4F83' data-brightness='bright'>\n<div class='thumb-inner'>\n<div class='thumb-bg' aria-hidden='true' style='background-color:#5E4F83; padding-bottom: calc(5304 \/ 7952 * 100%)'><\/div><figure><img src='data:image\/gif;base64,R0lGODlhAQABAIAAAP\/\/\/\/\/\/\/yH5BAEKAAEALAAAAAABAAEAAAICTAEAOw==' class='lazy' data-src='https:\/\/www.scheible.de\/wp-content\/uploads\/2020\/05\/akrobatin-firmenevent-800x534.jpg' data-srcset='https:\/\/www.scheible.de\/wp-content\/uploads\/2020\/05\/akrobatin-firmenevent-300x200.jpg 320w, https:\/\/www.scheible.de\/wp-content\/uploads\/2020\/05\/akrobatin-firmenevent-800x534.jpg 750w, https:\/\/www.scheible.de\/wp-content\/uploads\/2020\/05\/akrobatin-firmenevent-1500x1001.jpg' data-src-full='https:\/\/www.scheible.de\/wp-content\/uploads\/2020\/05\/akrobatin-firmenevent-300x200.jpg 320w, https:\/\/www.scheible.de\/wp-content\/uploads\/2020\/05\/akrobatin-firmenevent-800x534.jpg 750w, https:\/\/www.scheible.de\/wp-content\/uploads\/2020\/05\/akrobatin-firmenevent-1500x1001.jpg 1500w, https:\/\/www.scheible.de\/wp-content\/uploads\/2020\/05\/akrobatin-firmenevent-3000x2001.jpg' alt='Reportagefotografie als Eventfotografie und Messefotografie: An einem Tuch von der Decke h\u00e4ngend tanzt eine Akrobatin auf einer Firmenveranstaltung.' width='7952' height='5304' \/><\/figure><noscript><figure style='background-color:#5E4F83'><img src='https:\/\/www.scheible.de\/wp-content\/uploads\/2020\/05\/akrobatin-firmenevent-800x534.jpg' srcset='https:\/\/www.scheible.de\/wp-content\/uploads\/2020\/05\/akrobatin-firmenevent-300x200.jpg 320w, https:\/\/www.scheible.de\/wp-content\/uploads\/2020\/05\/akrobatin-firmenevent-800x534.jpg 750w, https:\/\/www.scheible.de\/wp-content\/uploads\/2020\/05\/akrobatin-firmenevent-1500x1001.jpg 1500w, https:\/\/www.scheible.de\/wp-content\/uploads\/2020\/05\/akrobatin-firmenevent.jpg' alt='Reportagefotografie als Eventfotografie und Messefotografie: An einem Tuch von der Decke h\u00e4ngend tanzt eine Akrobatin auf einer Firmenveranstaltung.' width='7952' height='5304' \/><\/figure><\/noscript>\n<div class='full-size-caption element-invisible fs-hide'>Eine Akrobatin h\u00e4ngt auf einer Firmenveranstaltung an einem Tuch von der Decke.<\/div><p class='thumb-caption element-invisible'>Akrobatin auf einer Firmenveranstaltung.<\/p>\n<\/div>\n<\/div>\n<div id='thumb-1-42' class='thumb layout-item gallery-thumb' data-instance='1' data-hash='kretschmann-lapp' data-bg='#848587' data-brightness='dark'>\n<div class='thumb-inner'>\n<div class='thumb-bg' aria-hidden='true' style='background-color:#848587; padding-bottom: calc(4000 \/ 6000 * 100%)'><\/div><figure><img src='data:image\/gif;base64,R0lGODlhAQABAIAAAP\/\/\/\/\/\/\/yH5BAEKAAEALAAAAAABAAEAAAICTAEAOw==' class='lazy' data-src='https:\/\/www.scheible.de\/wp-content\/uploads\/2020\/05\/kretschmann-lapp-800x533.jpg' data-srcset='https:\/\/www.scheible.de\/wp-content\/uploads\/2020\/05\/kretschmann-lapp-300x200.jpg 320w, https:\/\/www.scheible.de\/wp-content\/uploads\/2020\/05\/kretschmann-lapp-800x533.jpg 750w, https:\/\/www.scheible.de\/wp-content\/uploads\/2020\/05\/kretschmann-lapp-1500x1000.jpg' data-src-full='https:\/\/www.scheible.de\/wp-content\/uploads\/2020\/05\/kretschmann-lapp-300x200.jpg 320w, https:\/\/www.scheible.de\/wp-content\/uploads\/2020\/05\/kretschmann-lapp-800x533.jpg 750w, https:\/\/www.scheible.de\/wp-content\/uploads\/2020\/05\/kretschmann-lapp-1500x1000.jpg 1500w, https:\/\/www.scheible.de\/wp-content\/uploads\/2020\/05\/kretschmann-lapp-3000x2000.jpg' alt='Reportagefotografie als Eventfotografie und Messefotografie: Winfried Kretschmann, Ministerpr\u00e4sident von Baden-W\u00fcrttemberg, besucht die Firma Lapp Kabel in Stuttgart und l\u00e4sst sich den Aufbau eines dort gefertigten Spezialkabels erkl\u00e4ren.' width='6000' height='4000' \/><\/figure><noscript><figure style='background-color:#848587'><img src='https:\/\/www.scheible.de\/wp-content\/uploads\/2020\/05\/kretschmann-lapp-800x533.jpg' srcset='https:\/\/www.scheible.de\/wp-content\/uploads\/2020\/05\/kretschmann-lapp-300x200.jpg 320w, https:\/\/www.scheible.de\/wp-content\/uploads\/2020\/05\/kretschmann-lapp-800x533.jpg 750w, https:\/\/www.scheible.de\/wp-content\/uploads\/2020\/05\/kretschmann-lapp-1500x1000.jpg 1500w, https:\/\/www.scheible.de\/wp-content\/uploads\/2020\/05\/kretschmann-lapp.jpg' alt='Reportagefotografie als Eventfotografie und Messefotografie: Winfried Kretschmann, Ministerpr\u00e4sident von Baden-W\u00fcrttemberg, besucht die Firma Lapp Kabel in Stuttgart und l\u00e4sst sich den Aufbau eines dort gefertigten Spezialkabels erkl\u00e4ren.' width='6000' height='4000' \/><\/figure><\/noscript>\n<div class='full-size-caption element-invisible fs-hide'>Winfried Kretschmann, Ministerpr\u00e4sident von Baden-W\u00fcrttemberg, besucht die Firma Lapp Kabel in Stuttgart.<\/div><p class='thumb-caption element-invisible'>Winfried Kretschmann besucht Lapp Kabel.<\/p>\n<\/div>\n<\/div>\n<div id='thumb-1-43' class='thumb layout-item gallery-thumb' data-instance='1' data-hash='kretschmann-lapp-kabel-fertigung' data-bg='#828587' data-brightness='dark'>\n<div class='thumb-inner'>\n<div class='thumb-bg' aria-hidden='true' style='background-color:#828587; padding-bottom: calc(4000 \/ 6000 * 100%)'><\/div><figure><img src='data:image\/gif;base64,R0lGODlhAQABAIAAAP\/\/\/\/\/\/\/yH5BAEKAAEALAAAAAABAAEAAAICTAEAOw==' class='lazy' data-src='https:\/\/www.scheible.de\/wp-content\/uploads\/2020\/05\/kretschmann-lapp-kabel-fertigung-800x533.jpg' data-srcset='https:\/\/www.scheible.de\/wp-content\/uploads\/2020\/05\/kretschmann-lapp-kabel-fertigung-300x200.jpg 320w, https:\/\/www.scheible.de\/wp-content\/uploads\/2020\/05\/kretschmann-lapp-kabel-fertigung-800x533.jpg 750w, https:\/\/www.scheible.de\/wp-content\/uploads\/2020\/05\/kretschmann-lapp-kabel-fertigung-1500x1000.jpg' data-src-full='https:\/\/www.scheible.de\/wp-content\/uploads\/2020\/05\/kretschmann-lapp-kabel-fertigung-300x200.jpg 320w, https:\/\/www.scheible.de\/wp-content\/uploads\/2020\/05\/kretschmann-lapp-kabel-fertigung-800x533.jpg 750w, https:\/\/www.scheible.de\/wp-content\/uploads\/2020\/05\/kretschmann-lapp-kabel-fertigung-1500x1000.jpg 1500w, https:\/\/www.scheible.de\/wp-content\/uploads\/2020\/05\/kretschmann-lapp-kabel-fertigung-3000x2000.jpg' alt='Eventfotografie, Veranstaltungsfotografie Reportagefotografie: Winfried Kretschmann, Ministerpr\u00e4sident von Baden-W\u00fcrttemberg, besichtigt die Kabelfertigung bei der Firma Lapp Kabel in Stuttgart.' width='6000' height='4000' \/><\/figure><noscript><figure style='background-color:#828587'><img src='https:\/\/www.scheible.de\/wp-content\/uploads\/2020\/05\/kretschmann-lapp-kabel-fertigung-800x533.jpg' srcset='https:\/\/www.scheible.de\/wp-content\/uploads\/2020\/05\/kretschmann-lapp-kabel-fertigung-300x200.jpg 320w, https:\/\/www.scheible.de\/wp-content\/uploads\/2020\/05\/kretschmann-lapp-kabel-fertigung-800x533.jpg 750w, https:\/\/www.scheible.de\/wp-content\/uploads\/2020\/05\/kretschmann-lapp-kabel-fertigung-1500x1000.jpg 1500w, https:\/\/www.scheible.de\/wp-content\/uploads\/2020\/05\/kretschmann-lapp-kabel-fertigung.jpg' alt='Eventfotografie, Veranstaltungsfotografie Reportagefotografie: Winfried Kretschmann, Ministerpr\u00e4sident von Baden-W\u00fcrttemberg, besichtigt die Kabelfertigung bei der Firma Lapp Kabel in Stuttgart.' width='6000' height='4000' \/><\/figure><\/noscript>\n<div class='full-size-caption element-invisible fs-hide'>Winfried Kretschmann, Ministerpr\u00e4sident von Baden-W\u00fcrttemberg, besichtigt die Kabelfertigung der Firma Lapp Kabel in Stuttgart.<\/div><p class='thumb-caption element-invisible'>Winfried Kretschmann besichtigt die Firma Lapp Kabel in Stuttgart.<\/p>\n<\/div>\n<\/div>\n<div id='thumb-1-44' class='thumb layout-item gallery-thumb' data-instance='1' data-hash='kretschmann-lapp-kabel-fluechtlinge' data-bg='#918881' data-brightness='dark'>\n<div class='thumb-inner'>\n<div class='thumb-bg' aria-hidden='true' style='background-color:#918881; padding-bottom: calc(4000 \/ 6000 * 100%)'><\/div><figure><img src='data:image\/gif;base64,R0lGODlhAQABAIAAAP\/\/\/\/\/\/\/yH5BAEKAAEALAAAAAABAAEAAAICTAEAOw==' class='lazy' data-src='https:\/\/www.scheible.de\/wp-content\/uploads\/2020\/05\/kretschmann-lapp-kabel-fluechtlinge-800x533.jpg' data-srcset='https:\/\/www.scheible.de\/wp-content\/uploads\/2020\/05\/kretschmann-lapp-kabel-fluechtlinge-300x200.jpg 320w, https:\/\/www.scheible.de\/wp-content\/uploads\/2020\/05\/kretschmann-lapp-kabel-fluechtlinge-800x533.jpg 750w, https:\/\/www.scheible.de\/wp-content\/uploads\/2020\/05\/kretschmann-lapp-kabel-fluechtlinge-1500x1000.jpg' data-src-full='https:\/\/www.scheible.de\/wp-content\/uploads\/2020\/05\/kretschmann-lapp-kabel-fluechtlinge-300x200.jpg 320w, https:\/\/www.scheible.de\/wp-content\/uploads\/2020\/05\/kretschmann-lapp-kabel-fluechtlinge-800x533.jpg 750w, https:\/\/www.scheible.de\/wp-content\/uploads\/2020\/05\/kretschmann-lapp-kabel-fluechtlinge-1500x1000.jpg 1500w, https:\/\/www.scheible.de\/wp-content\/uploads\/2020\/05\/kretschmann-lapp-kabel-fluechtlinge-3000x2000.jpg' alt='Eventfotografie, Veranstaltungsfotografie Reportagefotografie: Winfried Kretschmann, Ministerpr\u00e4sident von Baden-W\u00fcrttemberg und Firmenvertreter inklusive zwei Fl\u00fcchtlingen, die hier eine Ausbildung machen.posieren mit einem E-Auto-Ladekabel in der Hand beim Besuch der Firma Lapp Kabel in Stuttgart f\u00fcr ein Pressefoto. ' width='6000' height='4000' \/><\/figure><noscript><figure style='background-color:#918881'><img src='https:\/\/www.scheible.de\/wp-content\/uploads\/2020\/05\/kretschmann-lapp-kabel-fluechtlinge-800x533.jpg' srcset='https:\/\/www.scheible.de\/wp-content\/uploads\/2020\/05\/kretschmann-lapp-kabel-fluechtlinge-300x200.jpg 320w, https:\/\/www.scheible.de\/wp-content\/uploads\/2020\/05\/kretschmann-lapp-kabel-fluechtlinge-800x533.jpg 750w, https:\/\/www.scheible.de\/wp-content\/uploads\/2020\/05\/kretschmann-lapp-kabel-fluechtlinge-1500x1000.jpg 1500w, https:\/\/www.scheible.de\/wp-content\/uploads\/2020\/05\/kretschmann-lapp-kabel-fluechtlinge.jpg' alt='Eventfotografie, Veranstaltungsfotografie Reportagefotografie: Winfried Kretschmann, Ministerpr\u00e4sident von Baden-W\u00fcrttemberg und Firmenvertreter inklusive zwei Fl\u00fcchtlingen, die hier eine Ausbildung machen.posieren mit einem E-Auto-Ladekabel in der Hand beim Besuch der Firma Lapp Kabel in Stuttgart f\u00fcr ein Pressefoto. ' width='6000' height='4000' \/><\/figure><\/noscript>\n<div class='full-size-caption element-invisible fs-hide'>Winfried Kretschmann, Ministerpr\u00e4sident von Baden-W\u00fcrttemberg, besucht die Kabelfertigung der Firma Lapp Kabel in Stuttgart. Pressefoto mit Fl\u00fcchtlingen in Ausbildung.<\/div><p class='thumb-caption element-invisible'>Winfried Kretschmann bei der Firma Lapp Kabel in Stuttgart.<\/p>\n<\/div>\n<\/div>\n<div id='thumb-1-45' class='thumb layout-item gallery-thumb' data-instance='1' data-hash='andreas-scheuer-glasfaserkabel' data-bg='#958D96' data-brightness='dark'>\n<div class='thumb-inner'>\n<div class='thumb-bg' aria-hidden='true' style='background-color:#958D96; padding-bottom: calc(3603 \/ 5404 * 100%)'><\/div><figure><img src='data:image\/gif;base64,R0lGODlhAQABAIAAAP\/\/\/\/\/\/\/yH5BAEKAAEALAAAAAABAAEAAAICTAEAOw==' class='lazy' data-src='https:\/\/www.scheible.de\/wp-content\/uploads\/2020\/05\/andreas-scheuer-glasfaserkabel-800x533.jpg' data-srcset='https:\/\/www.scheible.de\/wp-content\/uploads\/2020\/05\/andreas-scheuer-glasfaserkabel-300x200.jpg 320w, https:\/\/www.scheible.de\/wp-content\/uploads\/2020\/05\/andreas-scheuer-glasfaserkabel-800x533.jpg 750w, https:\/\/www.scheible.de\/wp-content\/uploads\/2020\/05\/andreas-scheuer-glasfaserkabel-1500x1000.jpg' data-src-full='https:\/\/www.scheible.de\/wp-content\/uploads\/2020\/05\/andreas-scheuer-glasfaserkabel-300x200.jpg 320w, https:\/\/www.scheible.de\/wp-content\/uploads\/2020\/05\/andreas-scheuer-glasfaserkabel-800x533.jpg 750w, https:\/\/www.scheible.de\/wp-content\/uploads\/2020\/05\/andreas-scheuer-glasfaserkabel-1500x1000.jpg 1500w, https:\/\/www.scheible.de\/wp-content\/uploads\/2020\/05\/andreas-scheuer-glasfaserkabel-3000x2000.jpg' alt='Eventfotografie, Veranstaltungsfotografie Reportagefotografie: Anl\u00e4sslich einer Vertragsunterzeichnung f\u00fcr den Breitband-Internet-Netzausbau l\u00e4sst sich Bundesverkehrsminister Andreas Scheuer das Schweissen von Glasfaserkabeln erkl\u00e4ren. Er h\u00e4lt das fertig verbundene Faserst\u00fcck in die H\u00f6he, w\u00e4hrend Achim Bothe von der Deutschen Telekom AG und Landrat Wolf-R\u00fcdiger Michel Beifall klatschen.' width='5404' height='3603' \/><\/figure><noscript><figure style='background-color:#958D96'><img src='https:\/\/www.scheible.de\/wp-content\/uploads\/2020\/05\/andreas-scheuer-glasfaserkabel-800x533.jpg' srcset='https:\/\/www.scheible.de\/wp-content\/uploads\/2020\/05\/andreas-scheuer-glasfaserkabel-300x200.jpg 320w, https:\/\/www.scheible.de\/wp-content\/uploads\/2020\/05\/andreas-scheuer-glasfaserkabel-800x533.jpg 750w, https:\/\/www.scheible.de\/wp-content\/uploads\/2020\/05\/andreas-scheuer-glasfaserkabel-1500x1000.jpg 1500w, https:\/\/www.scheible.de\/wp-content\/uploads\/2020\/05\/andreas-scheuer-glasfaserkabel.jpg' alt='Eventfotografie, Veranstaltungsfotografie Reportagefotografie: Anl\u00e4sslich einer Vertragsunterzeichnung f\u00fcr den Breitband-Internet-Netzausbau l\u00e4sst sich Bundesverkehrsminister Andreas Scheuer das Schweissen von Glasfaserkabeln erkl\u00e4ren. Er h\u00e4lt das fertig verbundene Faserst\u00fcck in die H\u00f6he, w\u00e4hrend Achim Bothe von der Deutschen Telekom AG und Landrat Wolf-R\u00fcdiger Michel Beifall klatschen.' width='5404' height='3603' \/><\/figure><\/noscript>\n<div class='full-size-caption element-invisible fs-hide'>Bundesverkehrsminister Andreas Scheuer l\u00e4sst sich anl\u00e4sslich einer Vertragsunterzeichnung f\u00fcr den Breitband-Internet-Netzausbau das Schweissen von Glasfaserkabeln erkl\u00e4ren.<\/div><p class='thumb-caption element-invisible'>Bundesverkehrsminister Andreas Scheuer mit  Glasfaserkabel.<\/p>\n<\/div>\n<\/div>\n<div id='thumb-1-46' class='thumb layout-item gallery-thumb' data-instance='1' data-hash='firmenevent-halle' data-bg='#2B313D' data-brightness='bright'>\n<div class='thumb-inner'>\n<div class='thumb-bg' aria-hidden='true' style='background-color:#2B313D; padding-bottom: calc(5145 \/ 7713 * 100%)'><\/div><figure><img src='data:image\/gif;base64,R0lGODlhAQABAIAAAP\/\/\/\/\/\/\/yH5BAEKAAEALAAAAAABAAEAAAICTAEAOw==' class='lazy' data-src='https:\/\/www.scheible.de\/wp-content\/uploads\/2020\/05\/firmenevent-halle-800x534.jpg' data-srcset='https:\/\/www.scheible.de\/wp-content\/uploads\/2020\/05\/firmenevent-halle-300x200.jpg 320w, https:\/\/www.scheible.de\/wp-content\/uploads\/2020\/05\/firmenevent-halle-800x534.jpg 750w, https:\/\/www.scheible.de\/wp-content\/uploads\/2020\/05\/firmenevent-halle-1500x1001.jpg' data-src-full='https:\/\/www.scheible.de\/wp-content\/uploads\/2020\/05\/firmenevent-halle-300x200.jpg 320w, https:\/\/www.scheible.de\/wp-content\/uploads\/2020\/05\/firmenevent-halle-800x534.jpg 750w, https:\/\/www.scheible.de\/wp-content\/uploads\/2020\/05\/firmenevent-halle-1500x1001.jpg 1500w, https:\/\/www.scheible.de\/wp-content\/uploads\/2020\/05\/firmenevent-halle-3000x2001.jpg' alt='Reportagefotografie als Eventfotografie und Messefotografie: Blick in die Halle einer gro\u00dfen Firmenveranstaltung.' width='7713' height='5145' \/><\/figure><noscript><figure style='background-color:#2B313D'><img src='https:\/\/www.scheible.de\/wp-content\/uploads\/2020\/05\/firmenevent-halle-800x534.jpg' srcset='https:\/\/www.scheible.de\/wp-content\/uploads\/2020\/05\/firmenevent-halle-300x200.jpg 320w, https:\/\/www.scheible.de\/wp-content\/uploads\/2020\/05\/firmenevent-halle-800x534.jpg 750w, https:\/\/www.scheible.de\/wp-content\/uploads\/2020\/05\/firmenevent-halle-1500x1001.jpg 1500w, https:\/\/www.scheible.de\/wp-content\/uploads\/2020\/05\/firmenevent-halle.jpg' alt='Reportagefotografie als Eventfotografie und Messefotografie: Blick in die Halle einer gro\u00dfen Firmenveranstaltung.' width='7713' height='5145' \/><\/figure><\/noscript>\n<div class='full-size-caption element-invisible fs-hide'>Blick in die Halle einer gro\u00dfen Firmenveranstaltung.<\/div><p class='thumb-caption element-invisible'>Blick in die Halle einer gro\u00dfen Firmenveranstaltung.<\/p>\n<\/div>\n<\/div>\n<div id='thumb-1-47' class='thumb layout-item gallery-thumb' data-instance='1' data-hash='pressebild-preisverleihung' data-bg='#9DA2A9' data-brightness='dark'>\n<div class='thumb-inner'>\n<div class='thumb-bg' aria-hidden='true' style='background-color:#9DA2A9; padding-bottom: calc(3555 \/ 5332 * 100%)'><\/div><figure><img src='data:image\/gif;base64,R0lGODlhAQABAIAAAP\/\/\/\/\/\/\/yH5BAEKAAEALAAAAAABAAEAAAICTAEAOw==' class='lazy' data-src='https:\/\/www.scheible.de\/wp-content\/uploads\/2020\/05\/pressebild-preisverleihung-800x533.jpg' data-srcset='https:\/\/www.scheible.de\/wp-content\/uploads\/2020\/05\/pressebild-preisverleihung-300x200.jpg 320w, https:\/\/www.scheible.de\/wp-content\/uploads\/2020\/05\/pressebild-preisverleihung-800x533.jpg 750w, https:\/\/www.scheible.de\/wp-content\/uploads\/2020\/05\/pressebild-preisverleihung-1500x1000.jpg' data-src-full='https:\/\/www.scheible.de\/wp-content\/uploads\/2020\/05\/pressebild-preisverleihung-300x200.jpg 320w, https:\/\/www.scheible.de\/wp-content\/uploads\/2020\/05\/pressebild-preisverleihung-800x533.jpg 750w, https:\/\/www.scheible.de\/wp-content\/uploads\/2020\/05\/pressebild-preisverleihung-1500x1000.jpg 1500w, https:\/\/www.scheible.de\/wp-content\/uploads\/2020\/05\/pressebild-preisverleihung-3000x2000.jpg' alt='Eventfotografie, Veranstaltungsfotografie Reportagefotografie: Nach einer Preisverleihung springt eine Gewinnerin f\u00fcr das Pressefoto jubelnd in die H\u00f6he, w\u00e4hrend ihr Kollege die Verleihungsurkunde ins Bild h\u00e4lt.' width='5332' height='3555' \/><\/figure><noscript><figure style='background-color:#9DA2A9'><img src='https:\/\/www.scheible.de\/wp-content\/uploads\/2020\/05\/pressebild-preisverleihung-800x533.jpg' srcset='https:\/\/www.scheible.de\/wp-content\/uploads\/2020\/05\/pressebild-preisverleihung-300x200.jpg 320w, https:\/\/www.scheible.de\/wp-content\/uploads\/2020\/05\/pressebild-preisverleihung-800x533.jpg 750w, https:\/\/www.scheible.de\/wp-content\/uploads\/2020\/05\/pressebild-preisverleihung-1500x1000.jpg 1500w, https:\/\/www.scheible.de\/wp-content\/uploads\/2020\/05\/pressebild-preisverleihung.jpg' alt='Eventfotografie, Veranstaltungsfotografie Reportagefotografie: Nach einer Preisverleihung springt eine Gewinnerin f\u00fcr das Pressefoto jubelnd in die H\u00f6he, w\u00e4hrend ihr Kollege die Verleihungsurkunde ins Bild h\u00e4lt.' width='5332' height='3555' \/><\/figure><\/noscript>\n<div class='full-size-caption element-invisible fs-hide'>Nach einer Preisverleihung springt eine Gewinnerin f\u00fcr das Pressefoto jubelnd in die H\u00f6he, w\u00e4hrend ihr Kollege die Verleihungsurkunde ins Bild h\u00e4lt.<\/div><p class='thumb-caption element-invisible'>Pressebild nach einer Preisverleihung.<\/p>\n<\/div>\n<\/div>\n<\/div>\n<\/section>\n\n\n\n\n<p>Auftraggeber: Agentur Ressmann, Audi AG, bild der wissenschaft, C3 Content, career Institut &amp; Verlag GmbH, Deutsche Telekom AG, Land der Ideen, Lapp Kabel, Merck AG, Peter Hahn, Robert Bosch GmbH, SAP SE, Staatliche Gesch\u00e4ftsstelle Luther 2017, T-Systems, Universit\u00e4t Hohenheim, Volkswagen, WUM Design, W\u00fcrth und weitere.<\/p>","protected":false},"excerpt":{"rendered":"<p>Unter Fotografen wird die Dokumentation von Veranstaltungen aller Art h\u00e4ufig zu unrecht als nicht wirklich ernst zu nehmende Aufgabe bel\u00e4chelt. F\u00fcr mich ist sie aber dreierlei anspruchsvoller Ansporn: Erstens ein m\u00f6glichst immer zu gewinnender Kampf um die Momente: Alles ist in Bewegung und nichts soll fehlen. Zweitens ein schnelles Spiel um rasch vergehende Perspektiven: Fern [&hellip;]<\/p>\n","protected":false},"author":1,"featured_media":17307,"parent":20891,"menu_order":30,"comment_status":"closed","ping_status":"closed","template":"","meta":{"_acf_changed":false,"footnotes":""},"class_list":["post-4520","page","type-page","status-publish","has-post-thumbnail","hentry"],"acf":[],"_links":{"self":[{"href":"https:\/\/www.scheible.de\/de\/wp-json\/wp\/v2\/pages\/4520","targetHints":{"allow":["GET"]}}],"collection":[{"href":"https:\/\/www.scheible.de\/de\/wp-json\/wp\/v2\/pages"}],"about":[{"href":"https:\/\/www.scheible.de\/de\/wp-json\/wp\/v2\/types\/page"}],"author":[{"embeddable":true,"href":"https:\/\/www.scheible.de\/de\/wp-json\/wp\/v2\/users\/1"}],"replies":[{"embeddable":true,"href":"https:\/\/www.scheible.de\/de\/wp-json\/wp\/v2\/comments?post=4520"}],"version-history":[{"count":19,"href":"https:\/\/www.scheible.de\/de\/wp-json\/wp\/v2\/pages\/4520\/revisions"}],"predecessor-version":[{"id":22684,"href":"https:\/\/www.scheible.de\/de\/wp-json\/wp\/v2\/pages\/4520\/revisions\/22684"}],"up":[{"embeddable":true,"href":"https:\/\/www.scheible.de\/de\/wp-json\/wp\/v2\/pages\/20891"}],"wp:featuredmedia":[{"embeddable":true,"href":"https:\/\/www.scheible.de\/de\/wp-json\/wp\/v2\/media\/17307"}],"wp:attachment":[{"href":"https:\/\/www.scheible.de\/de\/wp-json\/wp\/v2\/media?parent=4520"}],"curies":[{"name":"wp","href":"https:\/\/api.w.org\/{rel}","templated":true}]}}